{"id":22574,"date":"2025-04-01T09:49:00","date_gmt":"2025-04-01T08:49:00","guid":{"rendered":"https:\/\/meliasaojoaomadeira.hoti.shareit.pt\/politica-ambiental\/"},"modified":"2025-04-11T18:04:07","modified_gmt":"2025-04-11T17:04:07","slug":"umweltpolitik","status":"publish","type":"page","link":"https:\/\/www.meliasaojoao.com\/de\/umweltpolitik\/","title":{"rendered":"Umweltpolitik"},"content":{"rendered":"\t\t<div data-elementor-type=\"wp-page\" data-elementor-id=\"22574\" class=\"elementor elementor-22574 elementor-22408\" data-elementor-post-type=\"page\">\n\t\t\t\t<section class=\"elementor-element elementor-element-3baa27a e-con-full e-flex e-con e-parent\" data-id=\"3baa27a\" data-element_type=\"container\" data-settings=\"{&quot;background_background&quot;:&quot;classic&quot;}\">\n\t\t<div class=\"elementor-element elementor-element-1c7b661 e-con-full e-flex e-con e-child\" data-id=\"1c7b661\" data-element_type=\"container\">\n\t\t\t\t<div class=\"elementor-element elementor-element-933b2bf elementor-widget elementor-widget-heading\" data-id=\"933b2bf\" data-element_type=\"widget\" data-widget_type=\"heading.default\">\n\t\t\t\t<div class=\"elementor-widget-container\">\n\t\t\t\t\t<h2 class=\"elementor-heading-title elementor-size-default\">Umweltpolitik<\/h2>\t\t\t\t<\/div>\n\t\t\t\t<\/div>\n\t\t\t\t<\/div>\n\t\t\t\t<\/section>\n\t\t<section class=\"elementor-element elementor-element-e3fee8f e-con-full e-flex e-con e-parent\" data-id=\"e3fee8f\" data-element_type=\"container\">\n\t\t\t\t<div class=\"elementor-element elementor-element-6d064f0 elementor-widget elementor-widget-text-editor\" data-id=\"6d064f0\" data-element_type=\"widget\" data-widget_type=\"text-editor.default\">\n\t\t\t\t<div class=\"elementor-widget-container\">\n\t\t\t\t\t\t\t\t\t<p><strong>Meli\u00e1 S\u00e3o Jo\u00e3o da Madeira<\/strong> ist sich der Bedeutung eines verantwortungsvollen und nachhaltigen Managements f\u00fcr die Entwicklung seiner Hotellerie bewusst. Inspiriert von diesem Konzept haben wir eine Verpflichtung \u00fcbernommen, die wir mit grundlegenden Richtlinien f\u00fcr den Erfolg festigen. Mit diesen Leitlinien wollen wir zu einer guten Umweltpraxis beitragen, um die entsprechenden Auswirkungen in Bezug auf die Umweltverschmutzung zu minimieren und die Erhaltung der nat\u00fcrlichen Ressourcen zu gew\u00e4hrleisten, um einen nachhaltigen Tourismus zu f\u00f6rdern. Zu diesem Zweck legt das Meli\u00e1 S\u00e3o Jo\u00e3o da Madeira diese Politik in den folgenden Punkten fest:<\/p>\t\t\t\t\t\t\t\t<\/div>\n\t\t\t\t<\/div>\n\t\t\t\t<\/section>\n\t\t<section class=\"elementor-element elementor-element-fee5333 e-con-full e-flex e-con e-parent\" data-id=\"fee5333\" data-element_type=\"container\">\n\t\t<div class=\"elementor-element elementor-element-54a52b4 e-con-full e-flex e-con e-child\" data-id=\"54a52b4\" data-element_type=\"container\" data-settings=\"{&quot;background_background&quot;:&quot;classic&quot;}\">\n\t\t\t\t<div class=\"elementor-element elementor-element-b14a943 elementor-widget elementor-widget-spacer\" data-id=\"b14a943\" data-element_type=\"widget\" data-widget_type=\"spacer.default\">\n\t\t\t\t<div class=\"elementor-widget-container\">\n\t\t\t\t\t\t\t<div class=\"elementor-spacer\">\n\t\t\t<div class=\"elementor-spacer-inner\"><\/div>\n\t\t<\/div>\n\t\t\t\t\t\t<\/div>\n\t\t\t\t<\/div>\n\t\t\t\t<\/div>\n\t\t<div class=\"elementor-element elementor-element-f7c55c2 e-con-full e-flex e-con e-child\" data-id=\"f7c55c2\" data-element_type=\"container\">\n\t\t<div class=\"elementor-element elementor-element-43df120 e-con-full e-flex e-con e-child\" data-id=\"43df120\" data-element_type=\"container\">\n\t\t\t\t<div class=\"elementor-element elementor-element-9ef0125 elementor-widget elementor-widget-text-editor\" data-id=\"9ef0125\" data-element_type=\"widget\" data-widget_type=\"text-editor.default\">\n\t\t\t\t<div class=\"elementor-widget-container\">\n\t\t\t\t\t\t\t\t\t<p>Die f\u00fcr ihre T\u00e4tigkeit geltenden Rechts- und Umweltvorschriften einzuhalten und ihre Auswirkungen regelm\u00e4\u00dfig zu bewerten<\/p><p>F\u00f6rderung des Umweltbewusstseins und der Ausbildung der Mitarbeiter, um sie einzubeziehen und sie in guten Umweltpraktiken zu schulen<\/p><p>Zusammenarbeit und F\u00f6rderung der Kommunikation mit staatlichen und externen Stellen und Verb\u00e4nden<\/p>\t\t\t\t\t\t\t\t<\/div>\n\t\t\t\t<\/div>\n\t\t\t\t<\/div>\n\t\t\t\t<\/div>\n\t\t\t\t<\/section>\n\t\t<section class=\"elementor-element elementor-element-dc7c4b4 e-con-full e-flex e-con e-parent\" data-id=\"dc7c4b4\" data-element_type=\"container\">\n\t\t<div class=\"elementor-element elementor-element-8825316 e-con-full e-flex e-con e-child\" data-id=\"8825316\" data-element_type=\"container\">\n\t\t<div class=\"elementor-element elementor-element-0a1ebcb e-con-full e-flex e-con e-child\" data-id=\"0a1ebcb\" data-element_type=\"container\">\n\t\t\t\t<div class=\"elementor-element elementor-element-2764894 elementor-widget__width-initial elementor-widget elementor-widget-text-editor\" data-id=\"2764894\" data-element_type=\"widget\" data-widget_type=\"text-editor.default\">\n\t\t\t\t<div class=\"elementor-widget-container\">\n\t\t\t\t\t\t\t\t\t<p>F\u00f6rderung der Einbeziehung von Lieferanten in Fragen der guten Umweltpraxis mit dem Ziel, die Leistung in diesem Bereich und die des gesamten Betriebs zu verbessern.<\/p><p>Senkung und Kontrolle des Energie- und Rohstoffverbrauchs.<\/p><p>Eine Haltung der kontinuierlichen Verbesserung bei der Vermeidung von Umweltverschmutzung einnehmen.<\/p><p>Konsolidierung der Eroberung von Kunden, die bereit sind, die vom Unternehmen angebotenen Dienstleistungen mit einem hohen Qualit\u00e4tsniveau zu nutzen.<\/p>\t\t\t\t\t\t\t\t<\/div>\n\t\t\t\t<\/div>\n\t\t\t\t<\/div>\n\t\t\t\t<\/div>\n\t\t<div class=\"elementor-element elementor-element-caa4cbc e-con-full e-flex e-con e-child\" data-id=\"caa4cbc\" data-element_type=\"container\" data-settings=\"{&quot;background_background&quot;:&quot;classic&quot;}\">\n\t\t\t\t<div class=\"elementor-element elementor-element-08b815c elementor-widget elementor-widget-spacer\" data-id=\"08b815c\" data-element_type=\"widget\" data-widget_type=\"spacer.default\">\n\t\t\t\t<div class=\"elementor-widget-container\">\n\t\t\t\t\t\t\t<div class=\"elementor-spacer\">\n\t\t\t<div class=\"elementor-spacer-inner\"><\/div>\n\t\t<\/div>\n\t\t\t\t\t\t<\/div>\n\t\t\t\t<\/div>\n\t\t\t\t<\/div>\n\t\t\t\t<\/section>\n\t\t<section class=\"elementor-element elementor-element-6b92cba e-con-full e-flex e-con e-parent\" data-id=\"6b92cba\" data-element_type=\"container\">\n\t\t\t\t<div class=\"elementor-element elementor-element-47f9253 elementor-widget elementor-widget-text-editor\" data-id=\"47f9253\" data-element_type=\"widget\" data-widget_type=\"text-editor.default\">\n\t\t\t\t<div class=\"elementor-widget-container\">\n\t\t\t\t\t\t\t\t\t<p>Unter Ber\u00fccksichtigung dieser Grunds\u00e4tze sowie der Bereitstellung der notwendigen und angemessenen Ressourcen, einschlie\u00dflich der Verpflichtung zu spezialisiertem Personal, mit regelm\u00e4\u00dfiger Schulung und technologisch fortschrittlicher Ausr\u00fcstung, ist Meli\u00e1 S\u00e3o Jo\u00e3o da Madeira stets bestrebt, die Bed\u00fcrfnisse und Erwartungen seiner Kunden voll und ganz zu erf\u00fcllen.<\/p>\t\t\t\t\t\t\t\t<\/div>\n\t\t\t\t<\/div>\n\t\t\t\t<\/section>\n\t\t\t\t<\/div>\n\t\t","protected":false},"excerpt":{"rendered":"<p>Umweltpolitik Meli\u00e1 S\u00e3o Jo\u00e3o da Madeira ist sich der Bedeutung eines verantwortungsvollen und nachhaltigen Managements f\u00fcr die Entwicklung seiner Hotellerie bewusst. Inspiriert von diesem Konzept haben wir eine Verpflichtung \u00fcbernommen, die wir mit grundlegenden Richtlinien f\u00fcr den Erfolg festigen. Mit diesen Leitlinien wollen wir zu einer guten Umweltpraxis beitragen, um die entsprechenden Auswirkungen in Bezug [&hellip;]<\/p>\n","protected":false},"author":1,"featured_media":0,"parent":0,"menu_order":0,"comment_status":"closed","ping_status":"closed","template":"","meta":{"_acf_changed":false,"footnotes":""},"class_list":["post-22574","page","type-page","status-publish","hentry"],"acf":[],"yoast_head":"<!-- This site is optimized with the Yoast SEO plugin v24.5 - https:\/\/yoast.com\/wordpress\/plugins\/seo\/ -->\n<title>Umweltpolitik - Meli\u00e1 S\u00e3o Jo\u00e3o da Madeira<\/title>\n<meta name=\"description\" content=\"Descubra o Meli\u00e1 S\u00e3o Jo\u00e3o da Madeira, um hotel de 4 estrelas no hist\u00f3rico Palacete dos Condes Dias Garcia, com quartos modernos, spa, restaurante e espa\u00e7os para eventos.\" \/>\n<meta name=\"robots\" content=\"index, follow, max-snippet:-1, max-image-preview:large, max-video-preview:-1\" \/>\n<link rel=\"canonical\" href=\"https:\/\/www.meliasaojoao.com\/de\/umweltpolitik\/\" \/>\n<meta property=\"og:locale\" content=\"de_DE\" \/>\n<meta property=\"og:type\" content=\"article\" \/>\n<meta property=\"og:title\" content=\"Umweltpolitik - Meli\u00e1 S\u00e3o Jo\u00e3o da Madeira\" \/>\n<meta property=\"og:description\" content=\"Descubra o Meli\u00e1 S\u00e3o Jo\u00e3o da Madeira, um hotel de 4 estrelas no hist\u00f3rico Palacete dos Condes Dias Garcia, com quartos modernos, spa, restaurante e espa\u00e7os para eventos.\" \/>\n<meta property=\"og:url\" content=\"https:\/\/www.meliasaojoao.com\/de\/umweltpolitik\/\" \/>\n<meta property=\"og:site_name\" content=\"Meli\u00e1 S\u00e3o Jo\u00e3o da Madeira\" \/>\n<meta property=\"article:publisher\" content=\"http:\/\/www.facebook.com\/meliasaojoaodamadeira\/\" \/>\n<meta property=\"article:modified_time\" content=\"2025-04-11T17:04:07+00:00\" \/>\n<meta property=\"og:image\" content=\"https:\/\/www.meliasaojoao.com\/wp-content\/uploads\/sites\/33\/2025\/04\/Melia_SaoJoaoDaMadeira_Ope.jpg\" \/>\n\t<meta property=\"og:image:width\" content=\"1200\" \/>\n\t<meta property=\"og:image:height\" content=\"630\" \/>\n\t<meta property=\"og:image:type\" content=\"image\/jpeg\" \/>\n<meta name=\"twitter:card\" content=\"summary_large_image\" \/>\n<meta name=\"twitter:label1\" content=\"Gesch\u00e4tzte Lesezeit\" \/>\n\t<meta name=\"twitter:data1\" content=\"2\u00a0Minuten\" \/>\n<script type=\"application\/ld+json\" class=\"yoast-schema-graph\">{\"@context\":\"https:\/\/schema.org\",\"@graph\":[{\"@type\":\"WebPage\",\"@id\":\"https:\/\/www.meliasaojoao.com\/de\/umweltpolitik\/\",\"url\":\"https:\/\/www.meliasaojoao.com\/de\/umweltpolitik\/\",\"name\":\"Umweltpolitik - Meli\u00e1 S\u00e3o Jo\u00e3o da Madeira\",\"isPartOf\":{\"@id\":\"https:\/\/www.meliasaojoao.com\/de\/#website\"},\"datePublished\":\"2025-04-01T08:49:00+00:00\",\"dateModified\":\"2025-04-11T17:04:07+00:00\",\"description\":\"Descubra o Meli\u00e1 S\u00e3o Jo\u00e3o da Madeira, um hotel de 4 estrelas no hist\u00f3rico Palacete dos Condes Dias Garcia, com quartos modernos, spa, restaurante e espa\u00e7os para eventos.\",\"breadcrumb\":{\"@id\":\"https:\/\/www.meliasaojoao.com\/de\/umweltpolitik\/#breadcrumb\"},\"inLanguage\":\"de\",\"potentialAction\":[{\"@type\":\"ReadAction\",\"target\":[\"https:\/\/www.meliasaojoao.com\/de\/umweltpolitik\/\"]}]},{\"@type\":\"BreadcrumbList\",\"@id\":\"https:\/\/www.meliasaojoao.com\/de\/umweltpolitik\/#breadcrumb\",\"itemListElement\":[{\"@type\":\"ListItem\",\"position\":1,\"name\":\"In\u00edcio\",\"item\":\"https:\/\/www.meliasaojoao.com\/de\/\"},{\"@type\":\"ListItem\",\"position\":2,\"name\":\"Umweltpolitik\"}]},{\"@type\":\"WebSite\",\"@id\":\"https:\/\/www.meliasaojoao.com\/de\/#website\",\"url\":\"https:\/\/www.meliasaojoao.com\/de\/\",\"name\":\"Meli\u00e1 S\u00e3o Jo\u00e3o da Madeira\",\"description\":\"Hotel de 4 Estrelas | S\u00e3o Jo\u00e3o da Madeira\",\"publisher\":{\"@id\":\"https:\/\/www.meliasaojoao.com\/de\/#organization\"},\"alternateName\":\"Meli\u00e1 S\u00e3o Jo\u00e3o da Madeira\",\"potentialAction\":[{\"@type\":\"SearchAction\",\"target\":{\"@type\":\"EntryPoint\",\"urlTemplate\":\"https:\/\/www.meliasaojoao.com\/de\/?s={search_term_string}\"},\"query-input\":{\"@type\":\"PropertyValueSpecification\",\"valueRequired\":true,\"valueName\":\"search_term_string\"}}],\"inLanguage\":\"de\"},{\"@type\":\"Organization\",\"@id\":\"https:\/\/www.meliasaojoao.com\/de\/#organization\",\"name\":\"Meli\u00e1 S\u00e3o Jo\u00e3o da Madeira\",\"alternateName\":\"Meli\u00e1 S\u00e3o Jo\u00e3o da Madeira\",\"url\":\"https:\/\/www.meliasaojoao.com\/de\/\",\"logo\":{\"@type\":\"ImageObject\",\"inLanguage\":\"de\",\"@id\":\"https:\/\/www.meliasaojoao.com\/de\/#\/schema\/logo\/image\/\",\"url\":\"https:\/\/www.meliasaojoao.com\/wp-content\/uploads\/sites\/33\/2023\/11\/Original_MSJM.png\",\"contentUrl\":\"https:\/\/www.meliasaojoao.com\/wp-content\/uploads\/sites\/33\/2023\/11\/Original_MSJM.png\",\"width\":2560,\"height\":1532,\"caption\":\"Meli\u00e1 S\u00e3o Jo\u00e3o da Madeira\"},\"image\":{\"@id\":\"https:\/\/www.meliasaojoao.com\/de\/#\/schema\/logo\/image\/\"},\"sameAs\":[\"http:\/\/www.facebook.com\/meliasaojoaodamadeira\/\",\"https:\/\/www.linkedin.com\/company\/hoti-hoteis\/\",\"http:\/\/www.instagram.com\/meliasaojoaodamadeira\/\",\"https:\/\/www.youtube.com\/channel\/UCP0ugsnZVvziVrrstHe2gqg\"]}]}<\/script>\n<!-- \/ Yoast SEO plugin. -->","yoast_head_json":{"title":"Umweltpolitik - Meli\u00e1 S\u00e3o Jo\u00e3o da Madeira","description":"Descubra o Meli\u00e1 S\u00e3o Jo\u00e3o da Madeira, um hotel de 4 estrelas no hist\u00f3rico Palacete dos Condes Dias Garcia, com quartos modernos, spa, restaurante e espa\u00e7os para eventos.","robots":{"index":"index","follow":"follow","max-snippet":"max-snippet:-1","max-image-preview":"max-image-preview:large","max-video-preview":"max-video-preview:-1"},"canonical":"https:\/\/www.meliasaojoao.com\/de\/umweltpolitik\/","og_locale":"de_DE","og_type":"article","og_title":"Umweltpolitik - Meli\u00e1 S\u00e3o Jo\u00e3o da Madeira","og_description":"Descubra o Meli\u00e1 S\u00e3o Jo\u00e3o da Madeira, um hotel de 4 estrelas no hist\u00f3rico Palacete dos Condes Dias Garcia, com quartos modernos, spa, restaurante e espa\u00e7os para eventos.","og_url":"https:\/\/www.meliasaojoao.com\/de\/umweltpolitik\/","og_site_name":"Meli\u00e1 S\u00e3o Jo\u00e3o da Madeira","article_publisher":"http:\/\/www.facebook.com\/meliasaojoaodamadeira\/","article_modified_time":"2025-04-11T17:04:07+00:00","og_image":[{"width":1200,"height":630,"url":"https:\/\/www.meliasaojoao.com\/wp-content\/uploads\/sites\/33\/2025\/04\/Melia_SaoJoaoDaMadeira_Ope.jpg","type":"image\/jpeg"}],"twitter_card":"summary_large_image","twitter_misc":{"Gesch\u00e4tzte Lesezeit":"2\u00a0Minuten"},"schema":{"@context":"https:\/\/schema.org","@graph":[{"@type":"WebPage","@id":"https:\/\/www.meliasaojoao.com\/de\/umweltpolitik\/","url":"https:\/\/www.meliasaojoao.com\/de\/umweltpolitik\/","name":"Umweltpolitik - Meli\u00e1 S\u00e3o Jo\u00e3o da Madeira","isPartOf":{"@id":"https:\/\/www.meliasaojoao.com\/de\/#website"},"datePublished":"2025-04-01T08:49:00+00:00","dateModified":"2025-04-11T17:04:07+00:00","description":"Descubra o Meli\u00e1 S\u00e3o Jo\u00e3o da Madeira, um hotel de 4 estrelas no hist\u00f3rico Palacete dos Condes Dias Garcia, com quartos modernos, spa, restaurante e espa\u00e7os para eventos.","breadcrumb":{"@id":"https:\/\/www.meliasaojoao.com\/de\/umweltpolitik\/#breadcrumb"},"inLanguage":"de","potentialAction":[{"@type":"ReadAction","target":["https:\/\/www.meliasaojoao.com\/de\/umweltpolitik\/"]}]},{"@type":"BreadcrumbList","@id":"https:\/\/www.meliasaojoao.com\/de\/umweltpolitik\/#breadcrumb","itemListElement":[{"@type":"ListItem","position":1,"name":"In\u00edcio","item":"https:\/\/www.meliasaojoao.com\/de\/"},{"@type":"ListItem","position":2,"name":"Umweltpolitik"}]},{"@type":"WebSite","@id":"https:\/\/www.meliasaojoao.com\/de\/#website","url":"https:\/\/www.meliasaojoao.com\/de\/","name":"Meli\u00e1 S\u00e3o Jo\u00e3o da Madeira","description":"Hotel de 4 Estrelas | S\u00e3o Jo\u00e3o da Madeira","publisher":{"@id":"https:\/\/www.meliasaojoao.com\/de\/#organization"},"alternateName":"Meli\u00e1 S\u00e3o Jo\u00e3o da Madeira","potentialAction":[{"@type":"SearchAction","target":{"@type":"EntryPoint","urlTemplate":"https:\/\/www.meliasaojoao.com\/de\/?s={search_term_string}"},"query-input":{"@type":"PropertyValueSpecification","valueRequired":true,"valueName":"search_term_string"}}],"inLanguage":"de"},{"@type":"Organization","@id":"https:\/\/www.meliasaojoao.com\/de\/#organization","name":"Meli\u00e1 S\u00e3o Jo\u00e3o da Madeira","alternateName":"Meli\u00e1 S\u00e3o Jo\u00e3o da Madeira","url":"https:\/\/www.meliasaojoao.com\/de\/","logo":{"@type":"ImageObject","inLanguage":"de","@id":"https:\/\/www.meliasaojoao.com\/de\/#\/schema\/logo\/image\/","url":"https:\/\/www.meliasaojoao.com\/wp-content\/uploads\/sites\/33\/2023\/11\/Original_MSJM.png","contentUrl":"https:\/\/www.meliasaojoao.com\/wp-content\/uploads\/sites\/33\/2023\/11\/Original_MSJM.png","width":2560,"height":1532,"caption":"Meli\u00e1 S\u00e3o Jo\u00e3o da Madeira"},"image":{"@id":"https:\/\/www.meliasaojoao.com\/de\/#\/schema\/logo\/image\/"},"sameAs":["http:\/\/www.facebook.com\/meliasaojoaodamadeira\/","https:\/\/www.linkedin.com\/company\/hoti-hoteis\/","http:\/\/www.instagram.com\/meliasaojoaodamadeira\/","https:\/\/www.youtube.com\/channel\/UCP0ugsnZVvziVrrstHe2gqg"]}]}},"_links":{"self":[{"href":"https:\/\/www.meliasaojoao.com\/de\/wp-json\/wp\/v2\/pages\/22574","targetHints":{"allow":["GET"]}}],"collection":[{"href":"https:\/\/www.meliasaojoao.com\/de\/wp-json\/wp\/v2\/pages"}],"about":[{"href":"https:\/\/www.meliasaojoao.com\/de\/wp-json\/wp\/v2\/types\/page"}],"author":[{"embeddable":true,"href":"https:\/\/www.meliasaojoao.com\/de\/wp-json\/wp\/v2\/users\/1"}],"replies":[{"embeddable":true,"href":"https:\/\/www.meliasaojoao.com\/de\/wp-json\/wp\/v2\/comments?post=22574"}],"version-history":[{"count":4,"href":"https:\/\/www.meliasaojoao.com\/de\/wp-json\/wp\/v2\/pages\/22574\/revisions"}],"predecessor-version":[{"id":23305,"href":"https:\/\/www.meliasaojoao.com\/de\/wp-json\/wp\/v2\/pages\/22574\/revisions\/23305"}],"wp:attachment":[{"href":"https:\/\/www.meliasaojoao.com\/de\/wp-json\/wp\/v2\/media?parent=22574"}],"curies":[{"name":"wp","href":"https:\/\/api.w.org\/{rel}","templated":true}]}}