{"id":22575,"date":"2025-04-01T09:49:00","date_gmt":"2025-04-01T08:49:00","guid":{"rendered":"https:\/\/meliasaojoaomadeira.hoti.shareit.pt\/politica-ambiental\/"},"modified":"2025-04-15T16:55:57","modified_gmt":"2025-04-15T15:55:57","slug":"politica-ambiental","status":"publish","type":"page","link":"https:\/\/www.meliasaojoao.com\/es\/politica-ambiental\/","title":{"rendered":"Pol\u00edtica Ambiental"},"content":{"rendered":"\t\t<div data-elementor-type=\"wp-page\" data-elementor-id=\"22575\" class=\"elementor elementor-22575 elementor-22408\" data-elementor-post-type=\"page\">\n\t\t\t\t<section class=\"elementor-element elementor-element-3baa27a e-con-full e-flex e-con e-parent\" data-id=\"3baa27a\" data-element_type=\"container\" data-settings=\"{&quot;background_background&quot;:&quot;classic&quot;}\">\n\t\t<div class=\"elementor-element elementor-element-1c7b661 e-con-full e-flex e-con e-child\" data-id=\"1c7b661\" data-element_type=\"container\">\n\t\t\t\t<div class=\"elementor-element elementor-element-70ae3aa elementor-widget elementor-widget-heading\" data-id=\"70ae3aa\" data-element_type=\"widget\" data-widget_type=\"heading.default\">\n\t\t\t\t<div class=\"elementor-widget-container\">\n\t\t\t\t\t<h1 class=\"elementor-heading-title elementor-size-default\">Pol\u00edtica<\/h1>\t\t\t\t<\/div>\n\t\t\t\t<\/div>\n\t\t\t\t<div class=\"elementor-element elementor-element-933b2bf elementor-widget elementor-widget-heading\" data-id=\"933b2bf\" data-element_type=\"widget\" data-widget_type=\"heading.default\">\n\t\t\t\t<div class=\"elementor-widget-container\">\n\t\t\t\t\t<h2 class=\"elementor-heading-title elementor-size-default\">Ambiental<\/h2>\t\t\t\t<\/div>\n\t\t\t\t<\/div>\n\t\t\t\t<\/div>\n\t\t\t\t<\/section>\n\t\t<section class=\"elementor-element elementor-element-e3fee8f e-con-full e-flex e-con e-parent\" data-id=\"e3fee8f\" data-element_type=\"container\">\n\t\t\t\t<div class=\"elementor-element elementor-element-6d064f0 elementor-widget elementor-widget-text-editor\" data-id=\"6d064f0\" data-element_type=\"widget\" data-widget_type=\"text-editor.default\">\n\t\t\t\t<div class=\"elementor-widget-container\">\n\t\t\t\t\t\t\t\t\t<p><strong>Meli\u00e1 S\u00e3o Jo\u00e3o da Madeira<\/strong> es plenamente consciente de la importancia de una gesti\u00f3n responsable y sostenible en el desarrollo de su negocio hotelero. Inspirados en este concepto, hemos asumido un compromiso que hemos ido solidificando con directrices fundamentales para el \u00e9xito. Es con estas directrices que pretendemos contribuir a las buenas pr\u00e1cticas ambientales para minimizar los respectivos impactos en t\u00e9rminos de contaminaci\u00f3n, garantizando la preservaci\u00f3n de los recursos naturales para potenciar el turismo sostenible. Para ello, el Meli\u00e1 S\u00e3o Jo\u00e3o da Madeira establece esta pol\u00edtica en los siguientes t\u00e9rminos:<\/p>\t\t\t\t\t\t\t\t<\/div>\n\t\t\t\t<\/div>\n\t\t\t\t<\/section>\n\t\t<section class=\"elementor-element elementor-element-fee5333 e-con-full e-flex e-con e-parent\" data-id=\"fee5333\" data-element_type=\"container\">\n\t\t<div class=\"elementor-element elementor-element-54a52b4 e-con-full e-flex e-con e-child\" data-id=\"54a52b4\" data-element_type=\"container\" data-settings=\"{&quot;background_background&quot;:&quot;classic&quot;}\">\n\t\t\t\t<div class=\"elementor-element elementor-element-b14a943 elementor-widget elementor-widget-spacer\" data-id=\"b14a943\" data-element_type=\"widget\" data-widget_type=\"spacer.default\">\n\t\t\t\t<div class=\"elementor-widget-container\">\n\t\t\t\t\t\t\t<div class=\"elementor-spacer\">\n\t\t\t<div class=\"elementor-spacer-inner\"><\/div>\n\t\t<\/div>\n\t\t\t\t\t\t<\/div>\n\t\t\t\t<\/div>\n\t\t\t\t<\/div>\n\t\t<div class=\"elementor-element elementor-element-f7c55c2 e-con-full e-flex e-con e-child\" data-id=\"f7c55c2\" data-element_type=\"container\">\n\t\t<div class=\"elementor-element elementor-element-43df120 e-con-full e-flex e-con e-child\" data-id=\"43df120\" data-element_type=\"container\">\n\t\t\t\t<div class=\"elementor-element elementor-element-9ef0125 elementor-widget elementor-widget-text-editor\" data-id=\"9ef0125\" data-element_type=\"widget\" data-widget_type=\"text-editor.default\">\n\t\t\t\t<div class=\"elementor-widget-container\">\n\t\t\t\t\t\t\t\t\t<p>Cumplir los requisitos legales y ambientales aplicables a su actividad, evaluando peri\u00f3dicamente sus impactos<\/p><p>Promover la sensibilizaci\u00f3n y formaci\u00f3n ambiental entre los empleados para implicarles y formarles en buenas pr\u00e1cticas ambientales<\/p><p>Cooperar y promover la comunicaci\u00f3n con organismos y asociaciones gubernamentales y externas.<\/p>\t\t\t\t\t\t\t\t<\/div>\n\t\t\t\t<\/div>\n\t\t\t\t<\/div>\n\t\t\t\t<\/div>\n\t\t\t\t<\/section>\n\t\t<section class=\"elementor-element elementor-element-dc7c4b4 e-con-full e-flex e-con e-parent\" data-id=\"dc7c4b4\" data-element_type=\"container\">\n\t\t<div class=\"elementor-element elementor-element-8825316 e-con-full e-flex e-con e-child\" data-id=\"8825316\" data-element_type=\"container\">\n\t\t<div class=\"elementor-element elementor-element-0a1ebcb e-con-full e-flex e-con e-child\" data-id=\"0a1ebcb\" data-element_type=\"container\">\n\t\t\t\t<div class=\"elementor-element elementor-element-2764894 elementor-widget__width-initial elementor-widget elementor-widget-text-editor\" data-id=\"2764894\" data-element_type=\"widget\" data-widget_type=\"text-editor.default\">\n\t\t\t\t<div class=\"elementor-widget-container\">\n\t\t\t\t\t\t\t\t\t<p>Fomentar la implicaci\u00f3n de los proveedores en cuestiones de buenas pr\u00e1cticas medioambientales con vistas a mejorar el rendimiento en este \u00e1mbito y el de toda la operaci\u00f3n implicada.<\/p><p>Reducir y controlar el consumo de energ\u00eda y materias primas<\/p><p>Adoptar una actitud de mejora continua en la prevenci\u00f3n de la contaminaci\u00f3n<\/p><p>Consolidar la conquista de clientes dispuestos a aprovechar los servicios ofrecidos por la empresa, con un alto nivel de calidad<\/p>\t\t\t\t\t\t\t\t<\/div>\n\t\t\t\t<\/div>\n\t\t\t\t<\/div>\n\t\t\t\t<\/div>\n\t\t<div class=\"elementor-element elementor-element-caa4cbc e-con-full e-flex e-con e-child\" data-id=\"caa4cbc\" data-element_type=\"container\" data-settings=\"{&quot;background_background&quot;:&quot;classic&quot;}\">\n\t\t\t\t<div class=\"elementor-element elementor-element-08b815c elementor-widget elementor-widget-spacer\" data-id=\"08b815c\" data-element_type=\"widget\" data-widget_type=\"spacer.default\">\n\t\t\t\t<div class=\"elementor-widget-container\">\n\t\t\t\t\t\t\t<div class=\"elementor-spacer\">\n\t\t\t<div class=\"elementor-spacer-inner\"><\/div>\n\t\t<\/div>\n\t\t\t\t\t\t<\/div>\n\t\t\t\t<\/div>\n\t\t\t\t<\/div>\n\t\t\t\t<\/section>\n\t\t<section class=\"elementor-element elementor-element-6b92cba e-con-full e-flex e-con e-parent\" data-id=\"6b92cba\" data-element_type=\"container\">\n\t\t\t\t<div class=\"elementor-element elementor-element-47f9253 elementor-widget elementor-widget-text-editor\" data-id=\"47f9253\" data-element_type=\"widget\" data-widget_type=\"text-editor.default\">\n\t\t\t\t<div class=\"elementor-widget-container\">\n\t\t\t\t\t\t\t\t\t<p>Teniendo en cuenta estos principios, adem\u00e1s de proporcionar los recursos necesarios y adecuados, incluyendo la apuesta por recursos humanos especializados, con formaci\u00f3n peri\u00f3dica y equipos tecnol\u00f3gicamente avanzados, Meli\u00e1 S\u00e3o Jo\u00e3o da Madeira busca siempre satisfacer plenamente las necesidades y expectativas de sus clientes.<\/p>\t\t\t\t\t\t\t\t<\/div>\n\t\t\t\t<\/div>\n\t\t\t\t<\/section>\n\t\t\t\t<\/div>\n\t\t","protected":false},"excerpt":{"rendered":"<p>Pol\u00edtica Ambiental Meli\u00e1 S\u00e3o Jo\u00e3o da Madeira es plenamente consciente de la importancia de una gesti\u00f3n responsable y sostenible en el desarrollo de su negocio hotelero. Inspirados en este concepto, hemos asumido un compromiso que hemos ido solidificando con directrices fundamentales para el \u00e9xito. Es con estas directrices que pretendemos contribuir a las buenas pr\u00e1cticas [&hellip;]<\/p>\n","protected":false},"author":1,"featured_media":0,"parent":0,"menu_order":0,"comment_status":"closed","ping_status":"closed","template":"","meta":{"_acf_changed":false,"footnotes":""},"class_list":["post-22575","page","type-page","status-publish","hentry"],"acf":[],"yoast_head":"<!-- This site is optimized with the Yoast SEO plugin v24.5 - https:\/\/yoast.com\/wordpress\/plugins\/seo\/ -->\n<title>Pol\u00edtica Ambiental - Meli\u00e1 S\u00e3o Jo\u00e3o da Madeira<\/title>\n<meta name=\"description\" content=\"Descubra o Meli\u00e1 S\u00e3o Jo\u00e3o da Madeira, um hotel de 4 estrelas no hist\u00f3rico Palacete dos Condes Dias Garcia, com quartos modernos, spa, restaurante e espa\u00e7os para eventos.\" \/>\n<meta name=\"robots\" content=\"index, follow, max-snippet:-1, max-image-preview:large, max-video-preview:-1\" \/>\n<link rel=\"canonical\" href=\"https:\/\/www.meliasaojoao.com\/es\/politica-ambiental\/\" \/>\n<meta property=\"og:locale\" content=\"es_ES\" \/>\n<meta property=\"og:type\" content=\"article\" \/>\n<meta property=\"og:title\" content=\"Pol\u00edtica Ambiental - Meli\u00e1 S\u00e3o Jo\u00e3o da Madeira\" \/>\n<meta property=\"og:description\" content=\"Descubra o Meli\u00e1 S\u00e3o Jo\u00e3o da Madeira, um hotel de 4 estrelas no hist\u00f3rico Palacete dos Condes Dias Garcia, com quartos modernos, spa, restaurante e espa\u00e7os para eventos.\" \/>\n<meta property=\"og:url\" content=\"https:\/\/www.meliasaojoao.com\/es\/politica-ambiental\/\" \/>\n<meta property=\"og:site_name\" content=\"Meli\u00e1 S\u00e3o Jo\u00e3o da Madeira\" \/>\n<meta property=\"article:publisher\" content=\"http:\/\/www.facebook.com\/meliasaojoaodamadeira\/\" \/>\n<meta property=\"article:modified_time\" content=\"2025-04-15T15:55:57+00:00\" \/>\n<meta property=\"og:image\" content=\"https:\/\/www.meliasaojoao.com\/wp-content\/uploads\/sites\/33\/2025\/04\/Melia_SaoJoaoDaMadeira_Ope.jpg\" \/>\n\t<meta property=\"og:image:width\" content=\"1200\" \/>\n\t<meta property=\"og:image:height\" content=\"630\" \/>\n\t<meta property=\"og:image:type\" content=\"image\/jpeg\" \/>\n<meta name=\"twitter:card\" content=\"summary_large_image\" \/>\n<meta name=\"twitter:label1\" content=\"Tiempo de lectura\" \/>\n\t<meta name=\"twitter:data1\" content=\"2 minutos\" \/>\n<script type=\"application\/ld+json\" class=\"yoast-schema-graph\">{\"@context\":\"https:\/\/schema.org\",\"@graph\":[{\"@type\":\"WebPage\",\"@id\":\"https:\/\/www.meliasaojoao.com\/es\/politica-ambiental\/\",\"url\":\"https:\/\/www.meliasaojoao.com\/es\/politica-ambiental\/\",\"name\":\"Pol\u00edtica Ambiental - Meli\u00e1 S\u00e3o Jo\u00e3o da Madeira\",\"isPartOf\":{\"@id\":\"https:\/\/www.meliasaojoao.com\/es\/#website\"},\"datePublished\":\"2025-04-01T08:49:00+00:00\",\"dateModified\":\"2025-04-15T15:55:57+00:00\",\"description\":\"Descubra o Meli\u00e1 S\u00e3o Jo\u00e3o da Madeira, um hotel de 4 estrelas no hist\u00f3rico Palacete dos Condes Dias Garcia, com quartos modernos, spa, restaurante e espa\u00e7os para eventos.\",\"breadcrumb\":{\"@id\":\"https:\/\/www.meliasaojoao.com\/es\/politica-ambiental\/#breadcrumb\"},\"inLanguage\":\"es\",\"potentialAction\":[{\"@type\":\"ReadAction\",\"target\":[\"https:\/\/www.meliasaojoao.com\/es\/politica-ambiental\/\"]}]},{\"@type\":\"BreadcrumbList\",\"@id\":\"https:\/\/www.meliasaojoao.com\/es\/politica-ambiental\/#breadcrumb\",\"itemListElement\":[{\"@type\":\"ListItem\",\"position\":1,\"name\":\"In\u00edcio\",\"item\":\"https:\/\/www.meliasaojoao.com\/es\/\"},{\"@type\":\"ListItem\",\"position\":2,\"name\":\"Pol\u00edtica Ambiental\"}]},{\"@type\":\"WebSite\",\"@id\":\"https:\/\/www.meliasaojoao.com\/es\/#website\",\"url\":\"https:\/\/www.meliasaojoao.com\/es\/\",\"name\":\"Meli\u00e1 S\u00e3o Jo\u00e3o da Madeira\",\"description\":\"Hotel de 4 Estrelas | S\u00e3o Jo\u00e3o da Madeira\",\"publisher\":{\"@id\":\"https:\/\/www.meliasaojoao.com\/es\/#organization\"},\"alternateName\":\"Meli\u00e1 S\u00e3o Jo\u00e3o da Madeira\",\"potentialAction\":[{\"@type\":\"SearchAction\",\"target\":{\"@type\":\"EntryPoint\",\"urlTemplate\":\"https:\/\/www.meliasaojoao.com\/es\/?s={search_term_string}\"},\"query-input\":{\"@type\":\"PropertyValueSpecification\",\"valueRequired\":true,\"valueName\":\"search_term_string\"}}],\"inLanguage\":\"es\"},{\"@type\":\"Organization\",\"@id\":\"https:\/\/www.meliasaojoao.com\/es\/#organization\",\"name\":\"Meli\u00e1 S\u00e3o Jo\u00e3o da Madeira\",\"alternateName\":\"Meli\u00e1 S\u00e3o Jo\u00e3o da Madeira\",\"url\":\"https:\/\/www.meliasaojoao.com\/es\/\",\"logo\":{\"@type\":\"ImageObject\",\"inLanguage\":\"es\",\"@id\":\"https:\/\/www.meliasaojoao.com\/es\/#\/schema\/logo\/image\/\",\"url\":\"https:\/\/www.meliasaojoao.com\/wp-content\/uploads\/sites\/33\/2023\/11\/Original_MSJM.png\",\"contentUrl\":\"https:\/\/www.meliasaojoao.com\/wp-content\/uploads\/sites\/33\/2023\/11\/Original_MSJM.png\",\"width\":2560,\"height\":1532,\"caption\":\"Meli\u00e1 S\u00e3o Jo\u00e3o da Madeira\"},\"image\":{\"@id\":\"https:\/\/www.meliasaojoao.com\/es\/#\/schema\/logo\/image\/\"},\"sameAs\":[\"http:\/\/www.facebook.com\/meliasaojoaodamadeira\/\",\"https:\/\/www.linkedin.com\/company\/hoti-hoteis\/\",\"http:\/\/www.instagram.com\/meliasaojoaodamadeira\/\",\"https:\/\/www.youtube.com\/channel\/UCP0ugsnZVvziVrrstHe2gqg\"]}]}<\/script>\n<!-- \/ Yoast SEO plugin. -->","yoast_head_json":{"title":"Pol\u00edtica Ambiental - Meli\u00e1 S\u00e3o Jo\u00e3o da Madeira","description":"Descubra o Meli\u00e1 S\u00e3o Jo\u00e3o da Madeira, um hotel de 4 estrelas no hist\u00f3rico Palacete dos Condes Dias Garcia, com quartos modernos, spa, restaurante e espa\u00e7os para eventos.","robots":{"index":"index","follow":"follow","max-snippet":"max-snippet:-1","max-image-preview":"max-image-preview:large","max-video-preview":"max-video-preview:-1"},"canonical":"https:\/\/www.meliasaojoao.com\/es\/politica-ambiental\/","og_locale":"es_ES","og_type":"article","og_title":"Pol\u00edtica Ambiental - Meli\u00e1 S\u00e3o Jo\u00e3o da Madeira","og_description":"Descubra o Meli\u00e1 S\u00e3o Jo\u00e3o da Madeira, um hotel de 4 estrelas no hist\u00f3rico Palacete dos Condes Dias Garcia, com quartos modernos, spa, restaurante e espa\u00e7os para eventos.","og_url":"https:\/\/www.meliasaojoao.com\/es\/politica-ambiental\/","og_site_name":"Meli\u00e1 S\u00e3o Jo\u00e3o da Madeira","article_publisher":"http:\/\/www.facebook.com\/meliasaojoaodamadeira\/","article_modified_time":"2025-04-15T15:55:57+00:00","og_image":[{"width":1200,"height":630,"url":"https:\/\/www.meliasaojoao.com\/wp-content\/uploads\/sites\/33\/2025\/04\/Melia_SaoJoaoDaMadeira_Ope.jpg","type":"image\/jpeg"}],"twitter_card":"summary_large_image","twitter_misc":{"Tiempo de lectura":"2 minutos"},"schema":{"@context":"https:\/\/schema.org","@graph":[{"@type":"WebPage","@id":"https:\/\/www.meliasaojoao.com\/es\/politica-ambiental\/","url":"https:\/\/www.meliasaojoao.com\/es\/politica-ambiental\/","name":"Pol\u00edtica Ambiental - Meli\u00e1 S\u00e3o Jo\u00e3o da Madeira","isPartOf":{"@id":"https:\/\/www.meliasaojoao.com\/es\/#website"},"datePublished":"2025-04-01T08:49:00+00:00","dateModified":"2025-04-15T15:55:57+00:00","description":"Descubra o Meli\u00e1 S\u00e3o Jo\u00e3o da Madeira, um hotel de 4 estrelas no hist\u00f3rico Palacete dos Condes Dias Garcia, com quartos modernos, spa, restaurante e espa\u00e7os para eventos.","breadcrumb":{"@id":"https:\/\/www.meliasaojoao.com\/es\/politica-ambiental\/#breadcrumb"},"inLanguage":"es","potentialAction":[{"@type":"ReadAction","target":["https:\/\/www.meliasaojoao.com\/es\/politica-ambiental\/"]}]},{"@type":"BreadcrumbList","@id":"https:\/\/www.meliasaojoao.com\/es\/politica-ambiental\/#breadcrumb","itemListElement":[{"@type":"ListItem","position":1,"name":"In\u00edcio","item":"https:\/\/www.meliasaojoao.com\/es\/"},{"@type":"ListItem","position":2,"name":"Pol\u00edtica Ambiental"}]},{"@type":"WebSite","@id":"https:\/\/www.meliasaojoao.com\/es\/#website","url":"https:\/\/www.meliasaojoao.com\/es\/","name":"Meli\u00e1 S\u00e3o Jo\u00e3o da Madeira","description":"Hotel de 4 Estrelas | S\u00e3o Jo\u00e3o da Madeira","publisher":{"@id":"https:\/\/www.meliasaojoao.com\/es\/#organization"},"alternateName":"Meli\u00e1 S\u00e3o Jo\u00e3o da Madeira","potentialAction":[{"@type":"SearchAction","target":{"@type":"EntryPoint","urlTemplate":"https:\/\/www.meliasaojoao.com\/es\/?s={search_term_string}"},"query-input":{"@type":"PropertyValueSpecification","valueRequired":true,"valueName":"search_term_string"}}],"inLanguage":"es"},{"@type":"Organization","@id":"https:\/\/www.meliasaojoao.com\/es\/#organization","name":"Meli\u00e1 S\u00e3o Jo\u00e3o da Madeira","alternateName":"Meli\u00e1 S\u00e3o Jo\u00e3o da Madeira","url":"https:\/\/www.meliasaojoao.com\/es\/","logo":{"@type":"ImageObject","inLanguage":"es","@id":"https:\/\/www.meliasaojoao.com\/es\/#\/schema\/logo\/image\/","url":"https:\/\/www.meliasaojoao.com\/wp-content\/uploads\/sites\/33\/2023\/11\/Original_MSJM.png","contentUrl":"https:\/\/www.meliasaojoao.com\/wp-content\/uploads\/sites\/33\/2023\/11\/Original_MSJM.png","width":2560,"height":1532,"caption":"Meli\u00e1 S\u00e3o Jo\u00e3o da Madeira"},"image":{"@id":"https:\/\/www.meliasaojoao.com\/es\/#\/schema\/logo\/image\/"},"sameAs":["http:\/\/www.facebook.com\/meliasaojoaodamadeira\/","https:\/\/www.linkedin.com\/company\/hoti-hoteis\/","http:\/\/www.instagram.com\/meliasaojoaodamadeira\/","https:\/\/www.youtube.com\/channel\/UCP0ugsnZVvziVrrstHe2gqg"]}]}},"_links":{"self":[{"href":"https:\/\/www.meliasaojoao.com\/es\/wp-json\/wp\/v2\/pages\/22575","targetHints":{"allow":["GET"]}}],"collection":[{"href":"https:\/\/www.meliasaojoao.com\/es\/wp-json\/wp\/v2\/pages"}],"about":[{"href":"https:\/\/www.meliasaojoao.com\/es\/wp-json\/wp\/v2\/types\/page"}],"author":[{"embeddable":true,"href":"https:\/\/www.meliasaojoao.com\/es\/wp-json\/wp\/v2\/users\/1"}],"replies":[{"embeddable":true,"href":"https:\/\/www.meliasaojoao.com\/es\/wp-json\/wp\/v2\/comments?post=22575"}],"version-history":[{"count":3,"href":"https:\/\/www.meliasaojoao.com\/es\/wp-json\/wp\/v2\/pages\/22575\/revisions"}],"predecessor-version":[{"id":23509,"href":"https:\/\/www.meliasaojoao.com\/es\/wp-json\/wp\/v2\/pages\/22575\/revisions\/23509"}],"wp:attachment":[{"href":"https:\/\/www.meliasaojoao.com\/es\/wp-json\/wp\/v2\/media?parent=22575"}],"curies":[{"name":"wp","href":"https:\/\/api.w.org\/{rel}","templated":true}]}}