{"id":7031,"date":"2023-12-19T12:17:38","date_gmt":"2023-12-19T12:17:38","guid":{"rendered":"https:\/\/basetryp.tryplisboacaparica.com\/lisboa-caparica\/"},"modified":"2025-06-23T17:47:42","modified_gmt":"2025-06-23T16:47:42","slug":"sao-joao-da-madeira","status":"publish","type":"page","link":"https:\/\/www.meliasaojoao.com\/es\/sao-joao-da-madeira\/","title":{"rendered":"S\u00e3o Jo\u00e3o da Madeira"},"content":{"rendered":"\t\t<div data-elementor-type=\"wp-page\" data-elementor-id=\"7031\" class=\"elementor elementor-7031 elementor-1997\" data-elementor-post-type=\"page\">\n\t\t\t\t<section class=\"elementor-element elementor-element-9d18320 e-con-full e-flex e-con e-parent\" data-id=\"9d18320\" data-element_type=\"container\" data-settings=\"{&quot;background_background&quot;:&quot;classic&quot;}\">\n\t\t<div class=\"elementor-element elementor-element-edc3c07 e-con-full e-flex e-con e-child\" data-id=\"edc3c07\" data-element_type=\"container\">\n\t\t\t\t<div class=\"elementor-element elementor-element-0517a6e elementor-widget elementor-widget-heading\" data-id=\"0517a6e\" data-element_type=\"widget\" data-widget_type=\"heading.default\">\n\t\t\t\t<div class=\"elementor-widget-container\">\n\t\t\t\t\t<h1 class=\"elementor-heading-title elementor-size-default\">S\u00e3o Jo\u00e3o<\/h1>\t\t\t\t<\/div>\n\t\t\t\t<\/div>\n\t\t\t\t<div class=\"elementor-element elementor-element-14f695f elementor-widget elementor-widget-heading\" data-id=\"14f695f\" data-element_type=\"widget\" data-widget_type=\"heading.default\">\n\t\t\t\t<div class=\"elementor-widget-container\">\n\t\t\t\t\t<h1 class=\"elementor-heading-title elementor-size-default\">da Madeira<\/h1>\t\t\t\t<\/div>\n\t\t\t\t<\/div>\n\t\t\t\t<\/div>\n\t\t\t\t<\/section>\n\t\t<section class=\"elementor-element elementor-element-8e7a29a e-con-full e-flex e-con e-parent\" data-id=\"8e7a29a\" data-element_type=\"container\">\n\t\t\t\t<div class=\"elementor-element elementor-element-5428f0b elementor-widget elementor-widget-text-editor\" data-id=\"5428f0b\" data-element_type=\"widget\" data-widget_type=\"text-editor.default\">\n\t\t\t\t<div class=\"elementor-widget-container\">\n\t\t\t\t\t\t\t\t\t<div class=\"ewa-rteLine\">Con un rico pasado industrial, especialmente en el sector del calzado, la ciudad de S\u00e3o Jo\u00e3o da Madeira se ha labrado una identidad \u00fanica que mezcla tradici\u00f3n e innovaci\u00f3n. Aqu\u00ed se conserva y celebra la historia de la fabricaci\u00f3n de sombreros y zapatos, como puede verse en el fascinante Museo del Sombrero, que revela el legado de una de las industrias m\u00e1s llamativas de la ciudad.<br \/>La ciudad es tambi\u00e9n un centro de cultura y arte, con eventos durante todo el a\u00f1o.<\/div>\t\t\t\t\t\t\t\t<\/div>\n\t\t\t\t<\/div>\n\t\t\t\t<\/section>\n\t\t<div class=\"elementor-element elementor-element-484e8bf e-con-full e-flex e-con e-parent\" data-id=\"484e8bf\" data-element_type=\"container\">\n\t\t\t\t<div class=\"elementor-element elementor-element-5b88a1e elementor-widget elementor-widget-heading\" data-id=\"5b88a1e\" data-element_type=\"widget\" data-widget_type=\"heading.default\">\n\t\t\t\t<div class=\"elementor-widget-container\">\n\t\t\t\t\t<h5 class=\"elementor-heading-title elementor-size-default\">Galer\u00eda de im\u00e1genes<\/h5>\t\t\t\t<\/div>\n\t\t\t\t<\/div>\n\t\t\t\t<div class=\"elementor-element elementor-element-33fcce4 elementor-skin-carousel elementor-arrows-yes elementor-pagination-type-bullets elementor-pagination-position-outside elementor-widget elementor-widget-hoti-gallery-slider\" data-id=\"33fcce4\" data-element_type=\"widget\" data-settings=\"{&quot;slides_per_view&quot;:&quot;3&quot;,&quot;skin&quot;:&quot;carousel&quot;,&quot;effect&quot;:&quot;slide&quot;,&quot;show_arrows&quot;:&quot;yes&quot;,&quot;pagination&quot;:&quot;bullets&quot;,&quot;speed&quot;:500,&quot;autoplay&quot;:&quot;yes&quot;,&quot;autoplay_speed&quot;:5000,&quot;pause_on_hover&quot;:&quot;yes&quot;,&quot;pause_on_interaction&quot;:&quot;yes&quot;,&quot;space_between&quot;:{&quot;unit&quot;:&quot;px&quot;,&quot;size&quot;:10,&quot;sizes&quot;:[]},&quot;space_between_tablet_extra&quot;:{&quot;unit&quot;:&quot;px&quot;,&quot;size&quot;:10,&quot;sizes&quot;:[]},&quot;space_between_tablet&quot;:{&quot;unit&quot;:&quot;px&quot;,&quot;size&quot;:10,&quot;sizes&quot;:[]},&quot;space_between_mobile_extra&quot;:{&quot;unit&quot;:&quot;px&quot;,&quot;size&quot;:10,&quot;sizes&quot;:[]},&quot;space_between_mobile&quot;:{&quot;unit&quot;:&quot;px&quot;,&quot;size&quot;:10,&quot;sizes&quot;:[]}}\" data-widget_type=\"hoti-gallery-slider.default\">\n\t\t\t\t<div class=\"elementor-widget-container\">\n\t\t\t\t\t\t\t\t\t<div class=\"elementor-swiper\">\n\t\t\t\t\t<div class=\"elementor-main-swiper swiper\" role=\"region\" aria-roledescription=\"carousel\" aria-label=\"Diapositivas\">\n\t\t\t\t<div class=\"swiper-wrapper\">\n\t\t\t\t\t\t\t\t\t\t\t<div class=\"swiper-slide\" role=\"group\" aria-roledescription=\"slide\">\n\t\t\t\t\t\t\t\t\t<div class=\"elementor-carousel-image landscape\" role=\"img\" aria-label=\"Igreja Nossa Senhora dos Milagres\" style=\"background-image: url(&#039;https:\/\/www.meliasaojoao.com\/wp-content\/uploads\/sites\/33\/2025\/06\/NossaSenhoraDosMilagres_005-min-scaled.jpg&#039;)\">\r\n\r\n\t\t\t\r\n\t\t\t\t\t<\/div>\r\n\t\t\t\t\t\t\t\t<\/div>\n\t\t\t\t\t\t\t\t\t\t\t<div class=\"swiper-slide\" role=\"group\" aria-roledescription=\"slide\">\n\t\t\t\t\t\t\t\t\t<div class=\"elementor-carousel-image landscape\" role=\"img\" aria-label=\"Igreja Matriz de S\u00e3o Jo\u00e3o da Madeira\" style=\"background-image: url(&#039;https:\/\/www.meliasaojoao.com\/wp-content\/uploads\/sites\/33\/2025\/06\/IgrejaMatriz_001-min-scaled.jpg&#039;)\">\r\n\r\n\t\t\t\r\n\t\t\t\t\t<\/div>\r\n\t\t\t\t\t\t\t\t<\/div>\n\t\t\t\t\t\t\t\t\t\t\t<div class=\"swiper-slide\" role=\"group\" aria-roledescription=\"slide\">\n\t\t\t\t\t\t\t\t\t<div class=\"elementor-carousel-image landscape\" role=\"img\" aria-label=\"Jardim na cidade S\u00e3o Jo\u00e3o da Madeira\" style=\"background-image: url(&#039;https:\/\/www.meliasaojoao.com\/wp-content\/uploads\/sites\/33\/2025\/06\/JardimdaCidade_001-min-scaled.jpg&#039;)\">\r\n\r\n\t\t\t\r\n\t\t\t\t\t<\/div>\r\n\t\t\t\t\t\t\t\t<\/div>\n\t\t\t\t\t\t\t\t\t\t\t<div class=\"swiper-slide\" role=\"group\" aria-roledescription=\"slide\">\n\t\t\t\t\t\t\t\t\t<div class=\"elementor-carousel-image landscape\" role=\"img\" aria-label=\"Capela de Santo Ant\u00f3nio, nos Pa\u00e7os do Concelho em S\u00e3o Jo\u00e3o da Madeira\" style=\"background-image: url(&#039;https:\/\/www.meliasaojoao.com\/wp-content\/uploads\/sites\/33\/2025\/06\/CapelaStAntonio_PacosDaCultura_006-min-scaled.jpg&#039;)\">\r\n\r\n\t\t\t\r\n\t\t\t\t\t<\/div>\r\n\t\t\t\t\t\t\t\t<\/div>\n\t\t\t\t\t\t\t\t\t\t\t<div class=\"swiper-slide\" role=\"group\" aria-roledescription=\"slide\">\n\t\t\t\t\t\t\t\t\t<div class=\"elementor-carousel-image landscape\" role=\"img\" aria-label=\"Casa da Criatividade de S\u00e3o Jo\u00e3o da Madeira\" style=\"background-image: url(&#039;https:\/\/www.meliasaojoao.com\/wp-content\/uploads\/sites\/33\/2025\/06\/CasaDaCriatividade_002-min-scaled.jpg&#039;)\">\r\n\r\n\t\t\t\r\n\t\t\t\t\t<\/div>\r\n\t\t\t\t\t\t\t\t<\/div>\n\t\t\t\t\t\t\t\t\t<\/div>\n\t\t\t\t\t\t\t\t\t\t\t\t\t\t\t<div class=\"elementor-swiper-button elementor-swiper-button-prev\" role=\"button\" tabindex=\"0\" aria-label=\"Anterior\">\n\t\t\t\t\t\t\t<i aria-hidden=\"true\" class=\"eicon-chevron-left\"><\/i>\t\t\t\t\t\t<\/div>\n\t\t\t\t\t\t<div class=\"elementor-swiper-button elementor-swiper-button-next\" role=\"button\" tabindex=\"0\" aria-label=\"Siguiente\">\n\t\t\t\t\t\t\t<i aria-hidden=\"true\" class=\"eicon-chevron-right\"><\/i>\t\t\t\t\t\t<\/div>\n\t\t\t\t\t\t\t\t\t\t\t\t\t\t\t\t<div class=\"swiper-pagination\"><\/div>\n\t\t\t\t\t\t\t\t\t\t\t\t<\/div>\n\t\t\t\t<\/div>\n\t\t\t\t\t\t\t\t<\/div>\n\t\t\t\t<\/div>\n\t\t\t\t<\/div>\n\t\t<section class=\"elementor-element elementor-element-5be6fa1 e-con-full e-flex e-con e-parent\" data-id=\"5be6fa1\" data-element_type=\"container\">\n\t\t<div class=\"elementor-element elementor-element-637ccd9 e-con-full e-flex e-con e-child\" data-id=\"637ccd9\" data-element_type=\"container\">\n\t\t<div class=\"elementor-element elementor-element-55df4ad e-con-full e-flex e-con e-child\" data-id=\"55df4ad\" data-element_type=\"container\">\n\t\t\t\t<div class=\"elementor-element elementor-element-650bc2a elementor-widget elementor-widget-heading\" data-id=\"650bc2a\" data-element_type=\"widget\" data-widget_type=\"heading.default\">\n\t\t\t\t<div class=\"elementor-widget-container\">\n\t\t\t\t\t<h2 class=\"elementor-heading-title elementor-size-default\">EXPLORE LA CIUDAD DE<\/h2>\t\t\t\t<\/div>\n\t\t\t\t<\/div>\n\t\t\t\t<div class=\"elementor-element elementor-element-1062144 elementor-widget elementor-widget-heading\" data-id=\"1062144\" data-element_type=\"widget\" data-widget_type=\"heading.default\">\n\t\t\t\t<div class=\"elementor-widget-container\">\n\t\t\t\t\t<h2 class=\"elementor-heading-title elementor-size-default\">S\u00c3O JO\u00c3O DA MADEIRA<\/h2>\t\t\t\t<\/div>\n\t\t\t\t<\/div>\n\t\t\t\t<div class=\"elementor-element elementor-element-da84be1 elementor-widget__width-initial elementor-widget elementor-widget-text-editor\" data-id=\"da84be1\" data-element_type=\"widget\" data-widget_type=\"text-editor.default\">\n\t\t\t\t<div class=\"elementor-widget-container\">\n\t\t\t\t\t\t\t\t\t<ul><li><div class=\"ewa-rteLine\">Explore museos que revelan la evoluci\u00f3n de la ciudad y sus v\u00ednculos con industrias tradicionales como la del calzado y los sombreros.<\/div><\/li><li><div class=\"ewa-rteLine\">Rel\u00e1jese en zonas verdes y parques urbanos ideales para paseos o momentos de ocio en plena naturaleza.<\/div><\/li><li><div class=\"ewa-rteLine\">Disfrute de la fusi\u00f3n de edificios hist\u00f3ricos con construcciones modernas que marcan la identidad \u00fanica de S\u00e3o Jo\u00e3o Da Madeira.<\/div><\/li><li><div class=\"ewa-rteLine\">Participe en festivales y eventos culturales que celebran el teatro, la m\u00fasica y el arte, aportando energ\u00eda y dinamismo a la ciudad.<\/div><\/li><li><div class=\"ewa-rteLine\">Descubra los productos artesanales y el famoso calzado de la regi\u00f3n, perfectos para vivir una aut\u00e9ntica experiencia de compras.<\/div><\/li><li><div class=\"ewa-rteLine\">Disfrute de la gastronom\u00eda local, como el famoso cochinillo asado, que refleja la tradici\u00f3n culinaria de S\u00e3o Jo\u00e3o da Madeira.<\/div><\/li><\/ul>\t\t\t\t\t\t\t\t<\/div>\n\t\t\t\t<\/div>\n\t\t\t\t<\/div>\n\t\t\t\t<\/div>\n\t\t<div class=\"elementor-element elementor-element-65d27bb e-con-full e-flex e-con e-child\" data-id=\"65d27bb\" data-element_type=\"container\" data-settings=\"{&quot;background_background&quot;:&quot;classic&quot;}\">\n\t\t\t\t<div class=\"elementor-element elementor-element-bcfdf42 elementor-widget elementor-widget-spacer\" data-id=\"bcfdf42\" data-element_type=\"widget\" data-widget_type=\"spacer.default\">\n\t\t\t\t<div class=\"elementor-widget-container\">\n\t\t\t\t\t\t\t<div class=\"elementor-spacer\">\n\t\t\t<div class=\"elementor-spacer-inner\"><\/div>\n\t\t<\/div>\n\t\t\t\t\t\t<\/div>\n\t\t\t\t<\/div>\n\t\t\t\t<\/div>\n\t\t\t\t<\/section>\n\t\t<section class=\"elementor-element elementor-element-540cb73 e-con-full e-flex e-con e-parent\" data-id=\"540cb73\" data-element_type=\"container\">\n\t\t<div class=\"elementor-element elementor-element-e3e1f7c e-con-full e-flex e-con e-child\" data-id=\"e3e1f7c\" data-element_type=\"container\" data-settings=\"{&quot;background_background&quot;:&quot;classic&quot;}\">\n\t\t\t\t<div class=\"elementor-element elementor-element-917d9c4 elementor-widget elementor-widget-spacer\" data-id=\"917d9c4\" data-element_type=\"widget\" data-widget_type=\"spacer.default\">\n\t\t\t\t<div class=\"elementor-widget-container\">\n\t\t\t\t\t\t\t<div class=\"elementor-spacer\">\n\t\t\t<div class=\"elementor-spacer-inner\"><\/div>\n\t\t<\/div>\n\t\t\t\t\t\t<\/div>\n\t\t\t\t<\/div>\n\t\t\t\t<\/div>\n\t\t<div class=\"elementor-element elementor-element-75fb5c0 e-con-full e-flex e-con e-child\" data-id=\"75fb5c0\" data-element_type=\"container\">\n\t\t<div class=\"elementor-element elementor-element-5fdd577 e-con-full e-flex e-con e-child\" data-id=\"5fdd577\" data-element_type=\"container\">\n\t\t\t\t<div class=\"elementor-element elementor-element-3395003 elementor-widget elementor-widget-heading\" data-id=\"3395003\" data-element_type=\"widget\" data-widget_type=\"heading.default\">\n\t\t\t\t<div class=\"elementor-widget-container\">\n\t\t\t\t\t<h2 class=\"elementor-heading-title elementor-size-default\">sentir la ciudad de<\/h2>\t\t\t\t<\/div>\n\t\t\t\t<\/div>\n\t\t\t\t<div class=\"elementor-element elementor-element-eb30610 elementor-widget elementor-widget-heading\" data-id=\"eb30610\" data-element_type=\"widget\" data-widget_type=\"heading.default\">\n\t\t\t\t<div class=\"elementor-widget-container\">\n\t\t\t\t\t<h2 class=\"elementor-heading-title elementor-size-default\">S\u00c3O JO\u00c3O DA MADEIRA<\/h2>\t\t\t\t<\/div>\n\t\t\t\t<\/div>\n\t\t\t\t<div class=\"elementor-element elementor-element-ca4faff elementor-widget elementor-widget-text-editor\" data-id=\"ca4faff\" data-element_type=\"widget\" data-widget_type=\"text-editor.default\">\n\t\t\t\t<div class=\"elementor-widget-container\">\n\t\t\t\t\t\t\t\t\t<div class=\"ewa-rteLine\"><p>Situada en el coraz\u00f3n de la regi\u00f3n Centro, S\u00e3o Jo\u00e3o da Madeira es una ciudad con una fuerte identidad industrial y cultural. Conocida como la \u00abcapital del calzado\u00bb, la ciudad tiene una historia que se remonta a la revoluci\u00f3n industrial y destaca por su producci\u00f3n de sombreros y zapatos de alta calidad.<\/p><p>Adem\u00e1s de su patrimonio industrial, S\u00e3o Jo\u00e3o da Madeira ofrece un rico patrimonio arquitect\u00f3nico, con edificios hist\u00f3ricos como la Iglesia de S\u00e3o Jo\u00e3o Baptista y el fascinante Museo del Sombrero, que revela el pasado de la industria local.<\/p><p>La ciudad es tambi\u00e9n un centro cultural, con festivales de teatro, m\u00fasica y arte que salpican su agenda durante todo el a\u00f1o. Para los amantes de la naturaleza, los parques urbanos y las zonas verdes ofrecen el refugio perfecto para relajarse y disfrutar de la tranquilidad de la ciudad. No olvide explorar las tiendas locales, donde el calzado y los productos artesanales de la regi\u00f3n son una aut\u00e9ntica se\u00f1a de identidad de la ciudad.<\/p><\/div>\t\t\t\t\t\t\t\t<\/div>\n\t\t\t\t<\/div>\n\t\t\t\t<\/div>\n\t\t\t\t<\/div>\n\t\t\t\t<\/section>\n\t\t<div class=\"elementor-element elementor-element-6d9b414 e-con-full e-flex e-con e-parent\" data-id=\"6d9b414\" data-element_type=\"container\">\n\t\t\t\t<div class=\"elementor-element elementor-element-cbaed58 elementor-widget elementor-widget-heading\" data-id=\"cbaed58\" data-element_type=\"widget\" data-widget_type=\"heading.default\">\n\t\t\t\t<div class=\"elementor-widget-container\">\n\t\t\t\t\t<h5 class=\"elementor-heading-title elementor-size-default\">Qu\u00e9 ver y hacer<\/h5>\t\t\t\t<\/div>\n\t\t\t\t<\/div>\n\t\t<div class=\"elementor-element elementor-element-b346bc2 e-con-full e-flex e-con e-child\" data-id=\"b346bc2\" data-element_type=\"container\">\n\t\t\t\t<div class=\"elementor-element elementor-element-740e4bc elementor-widget elementor-widget-n-carousel\" data-id=\"740e4bc\" data-element_type=\"widget\" data-settings=\"{&quot;carousel_items&quot;:[{&quot;slide_title&quot;:&quot;Slide #1&quot;,&quot;_id&quot;:&quot;bc1ad8d&quot;},{&quot;slide_title&quot;:&quot;Slide #2&quot;,&quot;_id&quot;:&quot;817f723&quot;},{&quot;slide_title&quot;:&quot;Slide #3&quot;,&quot;_id&quot;:&quot;f0475f9&quot;},{&quot;_id&quot;:&quot;ca82639&quot;,&quot;slide_title&quot;:&quot;Slide #4&quot;}],&quot;slides_to_show&quot;:&quot;4&quot;,&quot;image_spacing_custom&quot;:{&quot;unit&quot;:&quot;px&quot;,&quot;size&quot;:&quot;30&quot;,&quot;sizes&quot;:[]},&quot;slides_to_show_mobile_extra&quot;:&quot;1&quot;,&quot;slides_to_scroll_mobile_extra&quot;:&quot;1&quot;,&quot;slides_to_show_tablet&quot;:&quot;2&quot;,&quot;slides_to_show_mobile&quot;:&quot;1&quot;,&quot;autoplay&quot;:&quot;yes&quot;,&quot;autoplay_speed&quot;:5000,&quot;pause_on_hover&quot;:&quot;yes&quot;,&quot;pause_on_interaction&quot;:&quot;yes&quot;,&quot;speed&quot;:500,&quot;image_spacing_custom_tablet_extra&quot;:{&quot;unit&quot;:&quot;px&quot;,&quot;size&quot;:&quot;&quot;,&quot;sizes&quot;:[]},&quot;image_spacing_custom_tablet&quot;:{&quot;unit&quot;:&quot;px&quot;,&quot;size&quot;:&quot;&quot;,&quot;sizes&quot;:[]},&quot;image_spacing_custom_mobile_extra&quot;:{&quot;unit&quot;:&quot;px&quot;,&quot;size&quot;:&quot;&quot;,&quot;sizes&quot;:[]},&quot;image_spacing_custom_mobile&quot;:{&quot;unit&quot;:&quot;px&quot;,&quot;size&quot;:&quot;&quot;,&quot;sizes&quot;:[]}}\" data-widget_type=\"nested-carousel.default\">\n\t\t\t\t<div class=\"elementor-widget-container\">\n\t\t\t\t\t\t\t<div class=\"e-n-carousel swiper\" role=\"region\" aria-roledescription=\"carousel\" aria-label=\"Carrusel\" dir=\"ltr\">\n\t\t\t<div class=\"swiper-wrapper\" aria-live=\"off\">\n\t\t\t\t\t\t\t\t\t\t<div class=\"swiper-slide\" data-slide=\"1\" role=\"group\" aria-roledescription=\"slide\" aria-label=\"1 of 4\">\n\t\t\t\t\t\t\t<div class=\"elementor-element elementor-element-53701c7 e-flex e-con-boxed e-con e-child\" data-id=\"53701c7\" data-element_type=\"container\">\n\t\t\t\t\t<div class=\"e-con-inner\">\n\t\t<div class=\"elementor-element elementor-element-89754ef e-con-full e-flex e-con e-child\" data-id=\"89754ef\" data-element_type=\"container\">\n\t\t\t\t<div class=\"elementor-element elementor-element-e0a8418 elementor-widget__width-initial elementor-position-top elementor-widget elementor-widget-image-box\" data-id=\"e0a8418\" data-element_type=\"widget\" data-widget_type=\"image-box.default\">\n\t\t\t\t<div class=\"elementor-widget-container\">\n\t\t\t\t\t<div class=\"elementor-image-box-wrapper\"><figure class=\"elementor-image-box-img\"><img decoding=\"async\" src=\"https:\/\/www.meliasaojoao.com\/wp-content\/uploads\/sites\/33\/elementor\/thumbs\/CAPITAL-DO-CALCADO-r3fpco65se02am7pvq0o17xpflh93uu6ee58698myw.jpg\" title=\"CAPITAL DO CALCADO\" alt=\"CAPITAL DO CALCADO\" loading=\"lazy\" \/><\/figure><div class=\"elementor-image-box-content\"><h3 class=\"elementor-image-box-title\">\"Capital del Calzado\"<\/h3><p class=\"elementor-image-box-description\">S\u00e3o Jo\u00e3o da Madeira, la \"capital del calzado\", es una ciudad donde confluyen tradici\u00f3n e innovaci\u00f3n. Con un rico patrimonio industrial, ofrece fascinantes museos y monumentos hist\u00f3ricos. Entre parques urbanos y eventos culturales, la ciudad es el destino perfecto para explorar el pasado y el futuro de la regi\u00f3n Centro.<\/p><\/div><\/div>\t\t\t\t<\/div>\n\t\t\t\t<\/div>\n\t\t\t\t<\/div>\n\t\t\t\t\t<\/div>\n\t\t\t\t<\/div>\n\t\t\t\t\t\t\t\t<\/div>\n\t\t\t\t\t\t\t\t\t\t\t<div class=\"swiper-slide\" data-slide=\"2\" role=\"group\" aria-roledescription=\"slide\" aria-label=\"2 of 4\">\n\t\t\t\t\t\t\t<div class=\"elementor-element elementor-element-f76e8da e-flex e-con-boxed e-con e-child\" data-id=\"f76e8da\" data-element_type=\"container\">\n\t\t\t\t\t<div class=\"e-con-inner\">\n\t\t\t\t<div class=\"elementor-element elementor-element-357ba66 elementor-widget__width-initial elementor-position-top elementor-widget elementor-widget-image-box\" data-id=\"357ba66\" data-element_type=\"widget\" data-widget_type=\"image-box.default\">\n\t\t\t\t<div class=\"elementor-widget-container\">\n\t\t\t\t\t<div class=\"elementor-image-box-wrapper\"><figure class=\"elementor-image-box-img\"><img decoding=\"async\" src=\"https:\/\/www.meliasaojoao.com\/wp-content\/uploads\/sites\/33\/elementor\/thumbs\/ParqueDoRioUL_003-min-scaled-r7qlqg8x5pbe15yi5x3qtpnq1rd6xfjrljt0rzjg3s.jpg\" title=\"ParqueDoRioUL_003-min\" alt=\"ParqueDoRioUL_003-min\" loading=\"lazy\" \/><\/figure><div class=\"elementor-image-box-content\"><h3 class=\"elementor-image-box-title\">Parque do Rio Ul<\/h3><p class=\"elementor-image-box-description\">Visite el Parque Fluvial del Ul y d\u00e9jese envolver por la serenidad de este espacio verde en el coraz\u00f3n de S\u00e3o Jo\u00e3o da Madeira. Con amplias zonas de ocio, rutas de senderismo y tranquilos paisajes a lo largo del r\u00edo, el parque es el refugio perfecto para quienes buscan un momento de paz y contacto con la naturaleza mientras exploran la ciudad.<\/p><\/div><\/div>\t\t\t\t<\/div>\n\t\t\t\t<\/div>\n\t\t\t\t\t<\/div>\n\t\t\t\t<\/div>\n\t\t\t\t\t\t\t\t<\/div>\n\t\t\t\t\t\t\t\t\t\t\t<div class=\"swiper-slide\" data-slide=\"3\" role=\"group\" aria-roledescription=\"slide\" aria-label=\"3 of 4\">\n\t\t\t\t\t\t\t<div class=\"elementor-element elementor-element-2733f80 e-flex e-con-boxed e-con e-child\" data-id=\"2733f80\" data-element_type=\"container\">\n\t\t\t\t\t<div class=\"e-con-inner\">\n\t\t\t\t<div class=\"elementor-element elementor-element-ca50de8 elementor-widget__width-initial elementor-position-top elementor-widget elementor-widget-image-box\" data-id=\"ca50de8\" data-element_type=\"widget\" data-widget_type=\"image-box.default\">\n\t\t\t\t<div class=\"elementor-widget-container\">\n\t\t\t\t\t<div class=\"elementor-image-box-wrapper\"><figure class=\"elementor-image-box-img\"><img decoding=\"async\" src=\"https:\/\/www.meliasaojoao.com\/wp-content\/uploads\/sites\/33\/elementor\/thumbs\/NossaSenhoraDosMilagres_002-min-scaled-r7qlssue8sj722jmfxo624b7ifs866vlx6ipyw20js.jpg\" title=\"NossaSenhoraDosMilagres_002-min\" alt=\"NossaSenhoraDosMilagres_002-min\" loading=\"lazy\" \/><\/figure><div class=\"elementor-image-box-content\"><h3 class=\"elementor-image-box-title\">Museos<\/h3><p class=\"elementor-image-box-description\">No se pierda el Museo del Sombrero, que cuenta la historia de la tradici\u00f3n sombrerera de S\u00e3o Jo\u00e3o da Madeira, con exposiciones que revelan el impacto de la industria local. Explore tambi\u00e9n el Museo del Calzado, un espacio dedicado a la historia de la industria del calzado, un sector de gran importancia para la ciudad. <\/p><\/div><\/div>\t\t\t\t<\/div>\n\t\t\t\t<\/div>\n\t\t\t\t\t<\/div>\n\t\t\t\t<\/div>\n\t\t\t\t\t\t\t\t<\/div>\n\t\t\t\t\t\t\t\t\t\t\t<div class=\"swiper-slide\" data-slide=\"4\" role=\"group\" aria-roledescription=\"slide\" aria-label=\"4 of 4\">\n\t\t\t\t\t\t\t<div class=\"elementor-element elementor-element-1061503 e-flex e-con-boxed e-con e-child\" data-id=\"1061503\" data-element_type=\"container\">\n\t\t\t\t\t<div class=\"e-con-inner\">\n\t\t\t\t<div class=\"elementor-element elementor-element-461a763 elementor-widget__width-initial elementor-position-top elementor-widget elementor-widget-image-box\" data-id=\"461a763\" data-element_type=\"widget\" data-widget_type=\"image-box.default\">\n\t\t\t\t<div class=\"elementor-widget-container\">\n\t\t\t\t\t<div class=\"elementor-image-box-wrapper\"><figure class=\"elementor-image-box-img\"><img decoding=\"async\" src=\"https:\/\/www.meliasaojoao.com\/wp-content\/uploads\/sites\/33\/elementor\/thumbs\/gastronomia-r3ogwe2mpilndzl63iv364uphkv8m74xvs89eg2jig.jpg\" title=\"gastronomia\" alt=\"gastronomia\" loading=\"lazy\" \/><\/figure><div class=\"elementor-image-box-content\"><h3 class=\"elementor-image-box-title\">Gastronom\u00eda<\/h3><p class=\"elementor-image-box-description\">El cochinillo asado es un manjar t\u00edpico de S\u00e3o Jo\u00e3o da Madeira, famoso por su suculenta carne y su piel crujiente. Otra delicia local es el arroz con alubias, un plato sencillo pero sabroso que combina a la perfecci\u00f3n con las especialidades de la regi\u00f3n.<\/p><\/div><\/div>\t\t\t\t<\/div>\n\t\t\t\t<\/div>\n\t\t\t\t\t<\/div>\n\t\t\t\t<\/div>\n\t\t\t\t\t\t\t\t<\/div>\n\t\t\t\t\t\t\t\t<\/div>\n\t\t<\/div>\n\t\t\t\t\t\t<\/div>\n\t\t\t\t<\/div>\n\t\t\t\t<\/div>\n\t\t\t\t<\/div>\n\t\t<div class=\"elementor-element elementor-element-ef147e1 e-con-full e-flex e-con e-parent\" data-id=\"ef147e1\" data-element_type=\"container\">\n\t\t\t\t<div class=\"elementor-element elementor-element-77cc4b2 elementor-widget elementor-widget-heading\" data-id=\"77cc4b2\" data-element_type=\"widget\" data-widget_type=\"heading.default\">\n\t\t\t\t<div class=\"elementor-widget-container\">\n\t\t\t\t\t<h5 class=\"elementor-heading-title elementor-size-default\">C\u00f3mo llegar al Hotel<\/h5>\t\t\t\t<\/div>\n\t\t\t\t<\/div>\n\t\t\t\t<\/div>\n\t\t<section class=\"elementor-element elementor-element-6ecac3e e-con-full e-flex e-con e-parent\" data-id=\"6ecac3e\" data-element_type=\"container\">\n\t\t\t\t<div class=\"elementor-element elementor-element-262a63b elementor-widget__width-initial elementor-view-default elementor-position-top elementor-mobile-position-top elementor-widget elementor-widget-icon-box\" data-id=\"262a63b\" data-element_type=\"widget\" data-widget_type=\"icon-box.default\">\n\t\t\t\t<div class=\"elementor-widget-container\">\n\t\t\t\t\t\t\t<div class=\"elementor-icon-box-wrapper\">\n\n\t\t\t\t\t\t<div class=\"elementor-icon-box-icon\">\n\t\t\t\t<span  class=\"elementor-icon\">\n\t\t\t\t<i aria-hidden=\"true\" class=\"fal fa-cars\"><\/i>\t\t\t\t<\/span>\n\t\t\t<\/div>\n\t\t\t\n\t\t\t\t\t\t<div class=\"elementor-icon-box-content\">\n\n\t\t\t\t\t\t\t\t\t<h3 class=\"elementor-icon-box-title\">\n\t\t\t\t\t\t<span  >\n\t\t\t\t\t\t\tRent-a-Car\t\t\t\t\t\t<\/span>\n\t\t\t\t\t<\/h3>\n\t\t\t\t\n\t\t\t\t\t\t\t\t\t<p class=\"elementor-icon-box-description\">\n\t\t\t\t\t\tPuede alquilar un coche en la zona de llegadas del aeropuerto a trav\u00e9s de empresas de alquiler de coches. Otra opci\u00f3n es reservar con antelaci\u00f3n.\t\t\t\t\t<\/p>\n\t\t\t\t\n\t\t\t<\/div>\n\t\t\t\n\t\t<\/div>\n\t\t\t\t\t\t<\/div>\n\t\t\t\t<\/div>\n\t\t\t\t<div class=\"elementor-element elementor-element-4093eb6 elementor-widget__width-initial elementor-view-default elementor-position-top elementor-mobile-position-top elementor-widget elementor-widget-icon-box\" data-id=\"4093eb6\" data-element_type=\"widget\" data-widget_type=\"icon-box.default\">\n\t\t\t\t<div class=\"elementor-widget-container\">\n\t\t\t\t\t\t\t<div class=\"elementor-icon-box-wrapper\">\n\n\t\t\t\t\t\t<div class=\"elementor-icon-box-icon\">\n\t\t\t\t<span  class=\"elementor-icon\">\n\t\t\t\t<i aria-hidden=\"true\" class=\"fal fa-train\"><\/i>\t\t\t\t<\/span>\n\t\t\t<\/div>\n\t\t\t\n\t\t\t\t\t\t<div class=\"elementor-icon-box-content\">\n\n\t\t\t\t\t\t\t\t\t<h3 class=\"elementor-icon-box-title\">\n\t\t\t\t\t\t<span  >\n\t\t\t\t\t\t\tTren\t\t\t\t\t\t<\/span>\n\t\t\t\t\t<\/h3>\n\t\t\t\t\n\t\t\t\t\t\t\t\t\t<p class=\"elementor-icon-box-description\">\n\t\t\t\t\t\tDesde el aeropuerto de Oporto, puede tomar f\u00e1cilmente el tren de la estaci\u00f3n de Porto Campanh\u00e3 a S\u00e3o Jo\u00e3o da Madeira. El trayecto dura aproximadamente 1 hora, con salidas regulares durante todo el d\u00eda.\t\t\t\t\t<\/p>\n\t\t\t\t\n\t\t\t<\/div>\n\t\t\t\n\t\t<\/div>\n\t\t\t\t\t\t<\/div>\n\t\t\t\t<\/div>\n\t\t\t\t<div class=\"elementor-element elementor-element-e14c877 elementor-widget__width-initial elementor-view-default elementor-position-top elementor-mobile-position-top elementor-widget elementor-widget-icon-box\" data-id=\"e14c877\" data-element_type=\"widget\" data-widget_type=\"icon-box.default\">\n\t\t\t\t<div class=\"elementor-widget-container\">\n\t\t\t\t\t\t\t<div class=\"elementor-icon-box-wrapper\">\n\n\t\t\t\t\t\t<div class=\"elementor-icon-box-icon\">\n\t\t\t\t<span  class=\"elementor-icon\">\n\t\t\t\t<i aria-hidden=\"true\" class=\"fal fa-plane-arrival\"><\/i>\t\t\t\t<\/span>\n\t\t\t<\/div>\n\t\t\t\n\t\t\t\t\t\t<div class=\"elementor-icon-box-content\">\n\n\t\t\t\t\t\t\t\t\t<h3 class=\"elementor-icon-box-title\">\n\t\t\t\t\t\t<span  >\n\t\t\t\t\t\t\tAvi\u00f3n\t\t\t\t\t\t<\/span>\n\t\t\t\t\t<\/h3>\n\t\t\t\t\n\t\t\t\t\t\t\t\t\t<p class=\"elementor-icon-box-description\">\n\t\t\t\t\t\tEl aeropuerto Francisco S\u00e1 Caneiro (Oporto) est\u00e1 a unos 55 kil\u00f3metros de nuestro hotel, lo que supone unos 45 minutos por la autopista A41. Salga del aeropuerto y tome la A41 en direcci\u00f3n S\u00e3o Jo\u00e3o da Madeira\/Valongo. Contin\u00fae por la A41 hasta la A2. A continuaci\u00f3n, siga por la A32 y tome la salida S\u00e3o Jo\u00e3o da Madeira. Cuando llegue a S\u00e3o Jo\u00e3o da Madeira, siga las indicaciones hacia la Rua Conde Dias Garcia, una de las calles m\u00e1s encantadoras y llenas de historia.\t\t\t\t\t<\/p>\n\t\t\t\t\n\t\t\t<\/div>\n\t\t\t\n\t\t<\/div>\n\t\t\t\t\t\t<\/div>\n\t\t\t\t<\/div>\n\t\t\t\t<\/section>\n\t\t<section class=\"elementor-element elementor-element-71af052 e-con-full e-flex e-con e-parent\" data-id=\"71af052\" data-element_type=\"container\">\n\t\t<div class=\"elementor-element elementor-element-d613357 e-con-full e-flex e-con e-child\" data-id=\"d613357\" data-element_type=\"container\">\n\t\t<div class=\"elementor-element elementor-element-97f47e6 e-con-full e-flex e-con e-child\" data-id=\"97f47e6\" data-element_type=\"container\">\n\t\t<div class=\"elementor-element elementor-element-2a90fad e-con-full e-flex e-con e-child\" data-id=\"2a90fad\" data-element_type=\"container\">\n\t\t\t\t<div class=\"elementor-element elementor-element-a5afca3 elementor-widget elementor-widget-heading\" data-id=\"a5afca3\" data-element_type=\"widget\" data-widget_type=\"heading.default\">\n\t\t\t\t<div class=\"elementor-widget-container\">\n\t\t\t\t\t<h2 class=\"elementor-heading-title elementor-size-default\">eventos en<\/h2>\t\t\t\t<\/div>\n\t\t\t\t<\/div>\n\t\t\t\t<div class=\"elementor-element elementor-element-217b1b5 elementor-widget elementor-widget-heading\" data-id=\"217b1b5\" data-element_type=\"widget\" data-widget_type=\"heading.default\">\n\t\t\t\t<div class=\"elementor-widget-container\">\n\t\t\t\t\t<h2 class=\"elementor-heading-title elementor-size-default\">S\u00e3o Jo\u00e3o da Madeira<\/h2>\t\t\t\t<\/div>\n\t\t\t\t<\/div>\n\t\t\t\t<\/div>\n\t\t\t\t<\/div>\n\t\t<div class=\"elementor-element elementor-element-7da17e2 e-con-full e-flex e-con e-child\" data-id=\"7da17e2\" data-element_type=\"container\">\n\t\t\t\t<div class=\"elementor-element elementor-element-3ad7540 elementor-widget elementor-widget-n-carousel\" data-id=\"3ad7540\" data-element_type=\"widget\" data-settings=\"{&quot;carousel_items&quot;:[{&quot;slide_title&quot;:&quot;Slide #1&quot;,&quot;_id&quot;:&quot;bc1ad8d&quot;},{&quot;slide_title&quot;:&quot;Slide #2&quot;,&quot;_id&quot;:&quot;817f723&quot;}],&quot;slides_to_show&quot;:&quot;3&quot;,&quot;image_spacing_custom&quot;:{&quot;unit&quot;:&quot;px&quot;,&quot;size&quot;:&quot;30&quot;,&quot;sizes&quot;:[]},&quot;slides_to_show_mobile_extra&quot;:&quot;1&quot;,&quot;slides_to_show_tablet&quot;:&quot;2&quot;,&quot;slides_to_show_mobile&quot;:&quot;1&quot;,&quot;autoplay&quot;:&quot;yes&quot;,&quot;autoplay_speed&quot;:5000,&quot;pause_on_hover&quot;:&quot;yes&quot;,&quot;pause_on_interaction&quot;:&quot;yes&quot;,&quot;speed&quot;:500,&quot;image_spacing_custom_tablet_extra&quot;:{&quot;unit&quot;:&quot;px&quot;,&quot;size&quot;:&quot;&quot;,&quot;sizes&quot;:[]},&quot;image_spacing_custom_tablet&quot;:{&quot;unit&quot;:&quot;px&quot;,&quot;size&quot;:&quot;&quot;,&quot;sizes&quot;:[]},&quot;image_spacing_custom_mobile_extra&quot;:{&quot;unit&quot;:&quot;px&quot;,&quot;size&quot;:&quot;&quot;,&quot;sizes&quot;:[]},&quot;image_spacing_custom_mobile&quot;:{&quot;unit&quot;:&quot;px&quot;,&quot;size&quot;:&quot;&quot;,&quot;sizes&quot;:[]}}\" data-widget_type=\"nested-carousel.default\">\n\t\t\t\t<div class=\"elementor-widget-container\">\n\t\t\t\t\t\t\t<div class=\"e-n-carousel swiper\" role=\"region\" aria-roledescription=\"carousel\" aria-label=\"Carrusel\" dir=\"ltr\">\n\t\t\t<div class=\"swiper-wrapper\" aria-live=\"off\">\n\t\t\t\t\t\t\t\t\t\t<div class=\"swiper-slide\" data-slide=\"1\" role=\"group\" aria-roledescription=\"slide\" aria-label=\"1 of 2\">\n\t\t\t\t\t\t\t<div class=\"elementor-element elementor-element-40632e3 e-flex e-con-boxed e-con e-child\" data-id=\"40632e3\" data-element_type=\"container\">\n\t\t\t\t\t<div class=\"e-con-inner\">\n\t\t<div class=\"elementor-element elementor-element-f5bd011 e-con-full e-flex e-con e-child\" data-id=\"f5bd011\" data-element_type=\"container\">\n\t\t\t\t<div class=\"elementor-element elementor-element-05e60f6 elementor-widget__width-initial elementor-position-top elementor-widget elementor-widget-image-box\" data-id=\"05e60f6\" data-element_type=\"widget\" data-widget_type=\"image-box.default\">\n\t\t\t\t<div class=\"elementor-widget-container\">\n\t\t\t\t\t<div class=\"elementor-image-box-wrapper\"><figure class=\"elementor-image-box-img\"><a href=\"https:\/\/www.casadacriatividade.com\/festival-de-teatro\" target=\"_blank\" tabindex=\"-1\"><img decoding=\"async\" src=\"https:\/\/www.meliasaojoao.com\/wp-content\/uploads\/sites\/33\/elementor\/thumbs\/FESTIVAL-TEATRO-r3fpfczjcboligb36dv8o1i6ma824oij3pc8lr9360.jpg\" title=\"FESTIVAL-TEATRO\" alt=\"FESTIVAL-TEATRO\" loading=\"lazy\" \/><\/a><\/figure><div class=\"elementor-image-box-content\"><h3 class=\"elementor-image-box-title\"><a href=\"https:\/\/www.casadacriatividade.com\/festival-de-teatro\" target=\"_blank\">Festival de Teatro de S\u00e3o Jo\u00e3o da Madeira <\/a><\/h3><p class=\"elementor-image-box-description\">El Festival de Teatro de S\u00e3o Jo\u00e3o da Madeira es un acontecimiento cultural que celebra el arte del teatro, con diversas representaciones, talleres y actividades para todos los p\u00fablicos, en un ambiente din\u00e1mico y acogedor.<\/p><\/div><\/div>\t\t\t\t<\/div>\n\t\t\t\t<\/div>\n\t\t\t\t<\/div>\n\t\t\t\t\t<\/div>\n\t\t\t\t<\/div>\n\t\t\t\t\t\t\t\t<\/div>\n\t\t\t\t\t\t\t\t\t\t\t<div class=\"swiper-slide\" data-slide=\"2\" role=\"group\" aria-roledescription=\"slide\" aria-label=\"2 of 2\">\n\t\t\t\t\t\t\t<div class=\"elementor-element elementor-element-036c9fe e-flex e-con-boxed e-con e-child\" data-id=\"036c9fe\" data-element_type=\"container\">\n\t\t\t\t\t<div class=\"e-con-inner\">\n\t\t\t\t<div class=\"elementor-element elementor-element-fe52e3f elementor-widget__width-initial elementor-position-top elementor-widget elementor-widget-image-box\" data-id=\"fe52e3f\" data-element_type=\"widget\" data-widget_type=\"image-box.default\">\n\t\t\t\t<div class=\"elementor-widget-container\">\n\t\t\t\t\t<div class=\"elementor-image-box-wrapper\"><figure class=\"elementor-image-box-img\"><a href=\"https:\/\/www.cm-sjm.pt\/pt\/agenda\/18-festividades\/761-festas-da-cidade-sao-joao\" target=\"_blank\" tabindex=\"-1\"><img decoding=\"async\" src=\"https:\/\/www.meliasaojoao.com\/wp-content\/uploads\/sites\/33\/elementor\/thumbs\/FESTAS-DA-CIDADE-r3fpg64j86shid4rg8gobc5h188fraq7jpkahc1vt4.jpg\" title=\"FESTAS DA CIDADE\" alt=\"FESTAS DA CIDADE\" loading=\"lazy\" \/><\/a><\/figure><div class=\"elementor-image-box-content\"><h3 class=\"elementor-image-box-title\"><a href=\"https:\/\/www.cm-sjm.pt\/pt\/agenda\/18-festividades\/761-festas-da-cidade-sao-joao\" target=\"_blank\">Fiestas de la ciudad | S\u00e3o Jo\u00e3o<\/a><\/h3><p class=\"elementor-image-box-description\">Las fiestas de la ciudad celebran S\u00e3o Jo\u00e3o del 22 al 27 de junio. S\u00e3o Jo\u00e3o da Madeira acoge una semana de celebraciones que van desde conciertos a marchas populares <\/p><\/div><\/div>\t\t\t\t<\/div>\n\t\t\t\t<\/div>\n\t\t\t\t\t<\/div>\n\t\t\t\t<\/div>\n\t\t\t\t\t\t\t\t<\/div>\n\t\t\t\t\t\t\t\t<\/div>\n\t\t<\/div>\n\t\t\t\t\t\t<\/div>\n\t\t\t\t<\/div>\n\t\t\t\t<\/div>\n\t\t\t\t<\/div>\n\t\t\t\t<\/section>\n\t\t\t\t<\/div>\n\t\t","protected":false},"excerpt":{"rendered":"<p>S\u00e3o Jo\u00e3o da Madeira Con un rico pasado industrial, especialmente en el sector del calzado, la ciudad de S\u00e3o Jo\u00e3o da Madeira se ha labrado una identidad \u00fanica que mezcla tradici\u00f3n e innovaci\u00f3n. Aqu\u00ed se conserva y celebra la historia de la fabricaci\u00f3n de sombreros y zapatos, como puede verse en el fascinante Museo del [&hellip;]<\/p>\n","protected":false},"author":1,"featured_media":0,"parent":0,"menu_order":0,"comment_status":"closed","ping_status":"closed","template":"","meta":{"_acf_changed":false,"footnotes":""},"class_list":["post-7031","page","type-page","status-publish","hentry"],"acf":[],"yoast_head":"<!-- This site is optimized with the Yoast SEO plugin v24.5 - https:\/\/yoast.com\/wordpress\/plugins\/seo\/ -->\n<title>S\u00e3o Jo\u00e3o da Madeira - Meli\u00e1 S\u00e3o Jo\u00e3o da Madeira<\/title>\n<meta name=\"description\" content=\"Descubra o Meli\u00e1 S\u00e3o Jo\u00e3o da Madeira, um hotel de 4 estrelas no hist\u00f3rico Palacete dos Condes Dias Garcia, com quartos modernos, spa, restaurante e espa\u00e7os para eventos.\" \/>\n<meta name=\"robots\" content=\"index, follow, max-snippet:-1, max-image-preview:large, max-video-preview:-1\" \/>\n<link rel=\"canonical\" href=\"https:\/\/www.meliasaojoao.com\/es\/sao-joao-da-madeira\/\" \/>\n<meta property=\"og:locale\" content=\"es_ES\" \/>\n<meta property=\"og:type\" content=\"article\" \/>\n<meta property=\"og:title\" content=\"S\u00e3o Jo\u00e3o da Madeira - Meli\u00e1 S\u00e3o Jo\u00e3o da Madeira\" \/>\n<meta property=\"og:description\" content=\"Descubra o Meli\u00e1 S\u00e3o Jo\u00e3o da Madeira, um hotel de 4 estrelas no hist\u00f3rico Palacete dos Condes Dias Garcia, com quartos modernos, spa, restaurante e espa\u00e7os para eventos.\" \/>\n<meta property=\"og:url\" content=\"https:\/\/www.meliasaojoao.com\/es\/sao-joao-da-madeira\/\" \/>\n<meta property=\"og:site_name\" content=\"Meli\u00e1 S\u00e3o Jo\u00e3o da Madeira\" \/>\n<meta property=\"article:publisher\" content=\"http:\/\/www.facebook.com\/meliasaojoaodamadeira\/\" \/>\n<meta property=\"article:modified_time\" content=\"2025-06-23T16:47:42+00:00\" \/>\n<meta property=\"og:image\" content=\"https:\/\/www.meliasaojoao.com\/wp-content\/uploads\/sites\/33\/elementor\/thumbs\/CAPITAL-DO-CALCADO-r3fpco65se02am7pvq0o17xpflh93uu6ee58698myw.jpg\" \/>\n<meta name=\"twitter:card\" content=\"summary_large_image\" \/>\n<meta name=\"twitter:label1\" content=\"Tiempo de lectura\" \/>\n\t<meta name=\"twitter:data1\" content=\"8 minutos\" \/>\n<script type=\"application\/ld+json\" class=\"yoast-schema-graph\">{\"@context\":\"https:\/\/schema.org\",\"@graph\":[{\"@type\":\"WebPage\",\"@id\":\"https:\/\/www.meliasaojoao.com\/es\/sao-joao-da-madeira\/\",\"url\":\"https:\/\/www.meliasaojoao.com\/es\/sao-joao-da-madeira\/\",\"name\":\"S\u00e3o Jo\u00e3o da Madeira - Meli\u00e1 S\u00e3o Jo\u00e3o da Madeira\",\"isPartOf\":{\"@id\":\"https:\/\/www.meliasaojoao.com\/es\/#website\"},\"primaryImageOfPage\":{\"@id\":\"https:\/\/www.meliasaojoao.com\/es\/sao-joao-da-madeira\/#primaryimage\"},\"image\":{\"@id\":\"https:\/\/www.meliasaojoao.com\/es\/sao-joao-da-madeira\/#primaryimage\"},\"thumbnailUrl\":\"https:\/\/www.meliasaojoao.com\/wp-content\/uploads\/sites\/33\/elementor\/thumbs\/CAPITAL-DO-CALCADO-r3fpco65se02am7pvq0o17xpflh93uu6ee58698myw.jpg\",\"datePublished\":\"2023-12-19T12:17:38+00:00\",\"dateModified\":\"2025-06-23T16:47:42+00:00\",\"description\":\"Descubra o Meli\u00e1 S\u00e3o Jo\u00e3o da Madeira, um hotel de 4 estrelas no hist\u00f3rico Palacete dos Condes Dias Garcia, com quartos modernos, spa, restaurante e espa\u00e7os para eventos.\",\"breadcrumb\":{\"@id\":\"https:\/\/www.meliasaojoao.com\/es\/sao-joao-da-madeira\/#breadcrumb\"},\"inLanguage\":\"es\",\"potentialAction\":[{\"@type\":\"ReadAction\",\"target\":[\"https:\/\/www.meliasaojoao.com\/es\/sao-joao-da-madeira\/\"]}]},{\"@type\":\"ImageObject\",\"inLanguage\":\"es\",\"@id\":\"https:\/\/www.meliasaojoao.com\/es\/sao-joao-da-madeira\/#primaryimage\",\"url\":\"https:\/\/www.meliasaojoao.com\/wp-content\/uploads\/sites\/33\/elementor\/thumbs\/CAPITAL-DO-CALCADO-r3fpco65se02am7pvq0o17xpflh93uu6ee58698myw.jpg\",\"contentUrl\":\"https:\/\/www.meliasaojoao.com\/wp-content\/uploads\/sites\/33\/elementor\/thumbs\/CAPITAL-DO-CALCADO-r3fpco65se02am7pvq0o17xpflh93uu6ee58698myw.jpg\"},{\"@type\":\"BreadcrumbList\",\"@id\":\"https:\/\/www.meliasaojoao.com\/es\/sao-joao-da-madeira\/#breadcrumb\",\"itemListElement\":[{\"@type\":\"ListItem\",\"position\":1,\"name\":\"In\u00edcio\",\"item\":\"https:\/\/www.meliasaojoao.com\/es\/\"},{\"@type\":\"ListItem\",\"position\":2,\"name\":\"S\u00e3o Jo\u00e3o da Madeira\"}]},{\"@type\":\"WebSite\",\"@id\":\"https:\/\/www.meliasaojoao.com\/es\/#website\",\"url\":\"https:\/\/www.meliasaojoao.com\/es\/\",\"name\":\"Meli\u00e1 S\u00e3o Jo\u00e3o da Madeira\",\"description\":\"Hotel de 4 Estrelas | S\u00e3o Jo\u00e3o da Madeira\",\"publisher\":{\"@id\":\"https:\/\/www.meliasaojoao.com\/es\/#organization\"},\"alternateName\":\"Meli\u00e1 S\u00e3o Jo\u00e3o da Madeira\",\"potentialAction\":[{\"@type\":\"SearchAction\",\"target\":{\"@type\":\"EntryPoint\",\"urlTemplate\":\"https:\/\/www.meliasaojoao.com\/es\/?s={search_term_string}\"},\"query-input\":{\"@type\":\"PropertyValueSpecification\",\"valueRequired\":true,\"valueName\":\"search_term_string\"}}],\"inLanguage\":\"es\"},{\"@type\":\"Organization\",\"@id\":\"https:\/\/www.meliasaojoao.com\/es\/#organization\",\"name\":\"Meli\u00e1 S\u00e3o Jo\u00e3o da Madeira\",\"alternateName\":\"Meli\u00e1 S\u00e3o Jo\u00e3o da Madeira\",\"url\":\"https:\/\/www.meliasaojoao.com\/es\/\",\"logo\":{\"@type\":\"ImageObject\",\"inLanguage\":\"es\",\"@id\":\"https:\/\/www.meliasaojoao.com\/es\/#\/schema\/logo\/image\/\",\"url\":\"https:\/\/www.meliasaojoao.com\/wp-content\/uploads\/sites\/33\/2023\/11\/Original_MSJM.png\",\"contentUrl\":\"https:\/\/www.meliasaojoao.com\/wp-content\/uploads\/sites\/33\/2023\/11\/Original_MSJM.png\",\"width\":2560,\"height\":1532,\"caption\":\"Meli\u00e1 S\u00e3o Jo\u00e3o da Madeira\"},\"image\":{\"@id\":\"https:\/\/www.meliasaojoao.com\/es\/#\/schema\/logo\/image\/\"},\"sameAs\":[\"http:\/\/www.facebook.com\/meliasaojoaodamadeira\/\",\"https:\/\/www.linkedin.com\/company\/hoti-hoteis\/\",\"http:\/\/www.instagram.com\/meliasaojoaodamadeira\/\",\"https:\/\/www.youtube.com\/channel\/UCP0ugsnZVvziVrrstHe2gqg\"]}]}<\/script>\n<!-- \/ Yoast SEO plugin. -->","yoast_head_json":{"title":"S\u00e3o Jo\u00e3o da Madeira - Meli\u00e1 S\u00e3o Jo\u00e3o da Madeira","description":"Descubra o Meli\u00e1 S\u00e3o Jo\u00e3o da Madeira, um hotel de 4 estrelas no hist\u00f3rico Palacete dos Condes Dias Garcia, com quartos modernos, spa, restaurante e espa\u00e7os para eventos.","robots":{"index":"index","follow":"follow","max-snippet":"max-snippet:-1","max-image-preview":"max-image-preview:large","max-video-preview":"max-video-preview:-1"},"canonical":"https:\/\/www.meliasaojoao.com\/es\/sao-joao-da-madeira\/","og_locale":"es_ES","og_type":"article","og_title":"S\u00e3o Jo\u00e3o da Madeira - Meli\u00e1 S\u00e3o Jo\u00e3o da Madeira","og_description":"Descubra o Meli\u00e1 S\u00e3o Jo\u00e3o da Madeira, um hotel de 4 estrelas no hist\u00f3rico Palacete dos Condes Dias Garcia, com quartos modernos, spa, restaurante e espa\u00e7os para eventos.","og_url":"https:\/\/www.meliasaojoao.com\/es\/sao-joao-da-madeira\/","og_site_name":"Meli\u00e1 S\u00e3o Jo\u00e3o da Madeira","article_publisher":"http:\/\/www.facebook.com\/meliasaojoaodamadeira\/","article_modified_time":"2025-06-23T16:47:42+00:00","og_image":[{"url":"https:\/\/www.meliasaojoao.com\/wp-content\/uploads\/sites\/33\/elementor\/thumbs\/CAPITAL-DO-CALCADO-r3fpco65se02am7pvq0o17xpflh93uu6ee58698myw.jpg","type":"","width":"","height":""}],"twitter_card":"summary_large_image","twitter_misc":{"Tiempo de lectura":"8 minutos"},"schema":{"@context":"https:\/\/schema.org","@graph":[{"@type":"WebPage","@id":"https:\/\/www.meliasaojoao.com\/es\/sao-joao-da-madeira\/","url":"https:\/\/www.meliasaojoao.com\/es\/sao-joao-da-madeira\/","name":"S\u00e3o Jo\u00e3o da Madeira - Meli\u00e1 S\u00e3o Jo\u00e3o da Madeira","isPartOf":{"@id":"https:\/\/www.meliasaojoao.com\/es\/#website"},"primaryImageOfPage":{"@id":"https:\/\/www.meliasaojoao.com\/es\/sao-joao-da-madeira\/#primaryimage"},"image":{"@id":"https:\/\/www.meliasaojoao.com\/es\/sao-joao-da-madeira\/#primaryimage"},"thumbnailUrl":"https:\/\/www.meliasaojoao.com\/wp-content\/uploads\/sites\/33\/elementor\/thumbs\/CAPITAL-DO-CALCADO-r3fpco65se02am7pvq0o17xpflh93uu6ee58698myw.jpg","datePublished":"2023-12-19T12:17:38+00:00","dateModified":"2025-06-23T16:47:42+00:00","description":"Descubra o Meli\u00e1 S\u00e3o Jo\u00e3o da Madeira, um hotel de 4 estrelas no hist\u00f3rico Palacete dos Condes Dias Garcia, com quartos modernos, spa, restaurante e espa\u00e7os para eventos.","breadcrumb":{"@id":"https:\/\/www.meliasaojoao.com\/es\/sao-joao-da-madeira\/#breadcrumb"},"inLanguage":"es","potentialAction":[{"@type":"ReadAction","target":["https:\/\/www.meliasaojoao.com\/es\/sao-joao-da-madeira\/"]}]},{"@type":"ImageObject","inLanguage":"es","@id":"https:\/\/www.meliasaojoao.com\/es\/sao-joao-da-madeira\/#primaryimage","url":"https:\/\/www.meliasaojoao.com\/wp-content\/uploads\/sites\/33\/elementor\/thumbs\/CAPITAL-DO-CALCADO-r3fpco65se02am7pvq0o17xpflh93uu6ee58698myw.jpg","contentUrl":"https:\/\/www.meliasaojoao.com\/wp-content\/uploads\/sites\/33\/elementor\/thumbs\/CAPITAL-DO-CALCADO-r3fpco65se02am7pvq0o17xpflh93uu6ee58698myw.jpg"},{"@type":"BreadcrumbList","@id":"https:\/\/www.meliasaojoao.com\/es\/sao-joao-da-madeira\/#breadcrumb","itemListElement":[{"@type":"ListItem","position":1,"name":"In\u00edcio","item":"https:\/\/www.meliasaojoao.com\/es\/"},{"@type":"ListItem","position":2,"name":"S\u00e3o Jo\u00e3o da Madeira"}]},{"@type":"WebSite","@id":"https:\/\/www.meliasaojoao.com\/es\/#website","url":"https:\/\/www.meliasaojoao.com\/es\/","name":"Meli\u00e1 S\u00e3o Jo\u00e3o da Madeira","description":"Hotel de 4 Estrelas | S\u00e3o Jo\u00e3o da Madeira","publisher":{"@id":"https:\/\/www.meliasaojoao.com\/es\/#organization"},"alternateName":"Meli\u00e1 S\u00e3o Jo\u00e3o da Madeira","potentialAction":[{"@type":"SearchAction","target":{"@type":"EntryPoint","urlTemplate":"https:\/\/www.meliasaojoao.com\/es\/?s={search_term_string}"},"query-input":{"@type":"PropertyValueSpecification","valueRequired":true,"valueName":"search_term_string"}}],"inLanguage":"es"},{"@type":"Organization","@id":"https:\/\/www.meliasaojoao.com\/es\/#organization","name":"Meli\u00e1 S\u00e3o Jo\u00e3o da Madeira","alternateName":"Meli\u00e1 S\u00e3o Jo\u00e3o da Madeira","url":"https:\/\/www.meliasaojoao.com\/es\/","logo":{"@type":"ImageObject","inLanguage":"es","@id":"https:\/\/www.meliasaojoao.com\/es\/#\/schema\/logo\/image\/","url":"https:\/\/www.meliasaojoao.com\/wp-content\/uploads\/sites\/33\/2023\/11\/Original_MSJM.png","contentUrl":"https:\/\/www.meliasaojoao.com\/wp-content\/uploads\/sites\/33\/2023\/11\/Original_MSJM.png","width":2560,"height":1532,"caption":"Meli\u00e1 S\u00e3o Jo\u00e3o da Madeira"},"image":{"@id":"https:\/\/www.meliasaojoao.com\/es\/#\/schema\/logo\/image\/"},"sameAs":["http:\/\/www.facebook.com\/meliasaojoaodamadeira\/","https:\/\/www.linkedin.com\/company\/hoti-hoteis\/","http:\/\/www.instagram.com\/meliasaojoaodamadeira\/","https:\/\/www.youtube.com\/channel\/UCP0ugsnZVvziVrrstHe2gqg"]}]}},"_links":{"self":[{"href":"https:\/\/www.meliasaojoao.com\/es\/wp-json\/wp\/v2\/pages\/7031","targetHints":{"allow":["GET"]}}],"collection":[{"href":"https:\/\/www.meliasaojoao.com\/es\/wp-json\/wp\/v2\/pages"}],"about":[{"href":"https:\/\/www.meliasaojoao.com\/es\/wp-json\/wp\/v2\/types\/page"}],"author":[{"embeddable":true,"href":"https:\/\/www.meliasaojoao.com\/es\/wp-json\/wp\/v2\/users\/1"}],"replies":[{"embeddable":true,"href":"https:\/\/www.meliasaojoao.com\/es\/wp-json\/wp\/v2\/comments?post=7031"}],"version-history":[{"count":10,"href":"https:\/\/www.meliasaojoao.com\/es\/wp-json\/wp\/v2\/pages\/7031\/revisions"}],"predecessor-version":[{"id":24517,"href":"https:\/\/www.meliasaojoao.com\/es\/wp-json\/wp\/v2\/pages\/7031\/revisions\/24517"}],"wp:attachment":[{"href":"https:\/\/www.meliasaojoao.com\/es\/wp-json\/wp\/v2\/media?parent=7031"}],"curies":[{"name":"wp","href":"https:\/\/api.w.org\/{rel}","templated":true}]}}