{"id":22573,"date":"2025-04-01T09:49:00","date_gmt":"2025-04-01T08:49:00","guid":{"rendered":"https:\/\/meliasaojoaomadeira.hoti.shareit.pt\/politica-ambiental\/"},"modified":"2025-04-03T17:44:54","modified_gmt":"2025-04-03T16:44:54","slug":"politique-environnementale","status":"publish","type":"page","link":"https:\/\/www.meliasaojoao.com\/fr\/politique-environnementale\/","title":{"rendered":"Politique Environnementale"},"content":{"rendered":"\t\t<div data-elementor-type=\"wp-page\" data-elementor-id=\"22573\" class=\"elementor elementor-22573 elementor-22408\" data-elementor-post-type=\"page\">\n\t\t\t\t<section class=\"elementor-element elementor-element-3baa27a e-con-full e-flex e-con e-parent\" data-id=\"3baa27a\" data-element_type=\"container\" data-settings=\"{&quot;background_background&quot;:&quot;classic&quot;}\">\n\t\t<div class=\"elementor-element elementor-element-1c7b661 e-con-full e-flex e-con e-child\" data-id=\"1c7b661\" data-element_type=\"container\">\n\t\t\t\t<div class=\"elementor-element elementor-element-70ae3aa elementor-widget elementor-widget-heading\" data-id=\"70ae3aa\" data-element_type=\"widget\" data-widget_type=\"heading.default\">\n\t\t\t\t<div class=\"elementor-widget-container\">\n\t\t\t\t\t<h1 class=\"elementor-heading-title elementor-size-default\">POLITIQUE <\/h1>\t\t\t\t<\/div>\n\t\t\t\t<\/div>\n\t\t\t\t<div class=\"elementor-element elementor-element-933b2bf elementor-widget elementor-widget-heading\" data-id=\"933b2bf\" data-element_type=\"widget\" data-widget_type=\"heading.default\">\n\t\t\t\t<div class=\"elementor-widget-container\">\n\t\t\t\t\t<h2 class=\"elementor-heading-title elementor-size-default\">ENVIRONNEMENTALE<\/h2>\t\t\t\t<\/div>\n\t\t\t\t<\/div>\n\t\t\t\t<\/div>\n\t\t\t\t<\/section>\n\t\t<section class=\"elementor-element elementor-element-e3fee8f e-con-full e-flex e-con e-parent\" data-id=\"e3fee8f\" data-element_type=\"container\">\n\t\t\t\t<div class=\"elementor-element elementor-element-6d064f0 elementor-widget elementor-widget-text-editor\" data-id=\"6d064f0\" data-element_type=\"widget\" data-widget_type=\"text-editor.default\">\n\t\t\t\t<div class=\"elementor-widget-container\">\n\t\t\t\t\t\t\t\t\t<p><strong>Meli\u00e1 S\u00e3o Jo\u00e3o da Madeira<\/strong> est pleinement conscient de l&#8217;importance d&#8217;une gestion responsable et durable dans le d\u00e9veloppement de son activit\u00e9 h\u00f4teli\u00e8re. Inspir\u00e9s par ce concept, nous avons pris un engagement que nous avons consolid\u00e9 avec des lignes directrices fondamentales pour le succ\u00e8s. Gr\u00e2ce \u00e0 ces lignes directrices, nous voulons contribuer \u00e0 de bonnes pratiques environnementales afin de minimiser les impacts respectifs en termes de pollution, en garantissant la pr\u00e9servation des ressources naturelles afin d&#8217;am\u00e9liorer le tourisme durable. \u00c0 cette fin, le Meli\u00e1 S\u00e3o Jo\u00e3o da Madeira \u00e9tablit cette politique dans les termes suivants :<\/p>\t\t\t\t\t\t\t\t<\/div>\n\t\t\t\t<\/div>\n\t\t\t\t<\/section>\n\t\t<section class=\"elementor-element elementor-element-fee5333 e-con-full e-flex e-con e-parent\" data-id=\"fee5333\" data-element_type=\"container\">\n\t\t<div class=\"elementor-element elementor-element-54a52b4 e-con-full e-flex e-con e-child\" data-id=\"54a52b4\" data-element_type=\"container\" data-settings=\"{&quot;background_background&quot;:&quot;classic&quot;}\">\n\t\t\t\t<div class=\"elementor-element elementor-element-b14a943 elementor-widget elementor-widget-spacer\" data-id=\"b14a943\" data-element_type=\"widget\" data-widget_type=\"spacer.default\">\n\t\t\t\t<div class=\"elementor-widget-container\">\n\t\t\t\t\t\t\t<div class=\"elementor-spacer\">\n\t\t\t<div class=\"elementor-spacer-inner\"><\/div>\n\t\t<\/div>\n\t\t\t\t\t\t<\/div>\n\t\t\t\t<\/div>\n\t\t\t\t<\/div>\n\t\t<div class=\"elementor-element elementor-element-f7c55c2 e-con-full e-flex e-con e-child\" data-id=\"f7c55c2\" data-element_type=\"container\">\n\t\t<div class=\"elementor-element elementor-element-43df120 e-con-full e-flex e-con e-child\" data-id=\"43df120\" data-element_type=\"container\">\n\t\t\t\t<div class=\"elementor-element elementor-element-9ef0125 elementor-widget elementor-widget-text-editor\" data-id=\"9ef0125\" data-element_type=\"widget\" data-widget_type=\"text-editor.default\">\n\t\t\t\t<div class=\"elementor-widget-container\">\n\t\t\t\t\t\t\t\t\t<p>Se conformer aux exigences l\u00e9gales et environnementales applicables \u00e0 son activit\u00e9, en \u00e9valuant r\u00e9guli\u00e8rement ses impacts<\/p><p>Promouvoir la sensibilisation et la formation \u00e0 l&#8217;environnement aupr\u00e8s des employ\u00e9s afin de les impliquer et de les former aux bonnes pratiques environnementales<\/p><p>Coop\u00e9rer et promouvoir la communication avec les organismes gouvernementaux et externes et les associations.<\/p>\t\t\t\t\t\t\t\t<\/div>\n\t\t\t\t<\/div>\n\t\t\t\t<\/div>\n\t\t\t\t<\/div>\n\t\t\t\t<\/section>\n\t\t<section class=\"elementor-element elementor-element-dc7c4b4 e-con-full e-flex e-con e-parent\" data-id=\"dc7c4b4\" data-element_type=\"container\">\n\t\t<div class=\"elementor-element elementor-element-8825316 e-con-full e-flex e-con e-child\" data-id=\"8825316\" data-element_type=\"container\">\n\t\t<div class=\"elementor-element elementor-element-0a1ebcb e-con-full e-flex e-con e-child\" data-id=\"0a1ebcb\" data-element_type=\"container\">\n\t\t\t\t<div class=\"elementor-element elementor-element-2764894 elementor-widget__width-initial elementor-widget elementor-widget-text-editor\" data-id=\"2764894\" data-element_type=\"widget\" data-widget_type=\"text-editor.default\">\n\t\t\t\t<div class=\"elementor-widget-container\">\n\t\t\t\t\t\t\t\t\t<p>Encourager l&#8217;implication des fournisseurs dans les questions de bonnes pratiques environnementales en vue d&#8217;am\u00e9liorer les performances dans ce domaine et celles de l&#8217;ensemble de l&#8217;op\u00e9ration concern\u00e9e.<\/p><p>R\u00e9duire et contr\u00f4ler la consommation d&#8217;\u00e9nergie et de mati\u00e8res premi\u00e8res<\/p><p>Adopter une attitude d&#8217;am\u00e9lioration continue en mati\u00e8re de pr\u00e9vention de la pollution<\/p><p>Consolider la conqu\u00eate de clients d\u00e9sireux de profiter des services offerts par l&#8217;entreprise, avec un niveau de qualit\u00e9 \u00e9lev\u00e9.<\/p>\t\t\t\t\t\t\t\t<\/div>\n\t\t\t\t<\/div>\n\t\t\t\t<\/div>\n\t\t\t\t<\/div>\n\t\t<div class=\"elementor-element elementor-element-caa4cbc e-con-full e-flex e-con e-child\" data-id=\"caa4cbc\" data-element_type=\"container\" data-settings=\"{&quot;background_background&quot;:&quot;classic&quot;}\">\n\t\t\t\t<div class=\"elementor-element elementor-element-08b815c elementor-widget elementor-widget-spacer\" data-id=\"08b815c\" data-element_type=\"widget\" data-widget_type=\"spacer.default\">\n\t\t\t\t<div class=\"elementor-widget-container\">\n\t\t\t\t\t\t\t<div class=\"elementor-spacer\">\n\t\t\t<div class=\"elementor-spacer-inner\"><\/div>\n\t\t<\/div>\n\t\t\t\t\t\t<\/div>\n\t\t\t\t<\/div>\n\t\t\t\t<\/div>\n\t\t\t\t<\/section>\n\t\t<section class=\"elementor-element elementor-element-6b92cba e-con-full e-flex e-con e-parent\" data-id=\"6b92cba\" data-element_type=\"container\">\n\t\t\t\t<div class=\"elementor-element elementor-element-47f9253 elementor-widget elementor-widget-text-editor\" data-id=\"47f9253\" data-element_type=\"widget\" data-widget_type=\"text-editor.default\">\n\t\t\t\t<div class=\"elementor-widget-container\">\n\t\t\t\t\t\t\t\t\t<p>En tenant compte de ces principes, et en fournissant les ressources n\u00e9cessaires et appropri\u00e9es, y compris un engagement envers des ressources humaines sp\u00e9cialis\u00e9es, avec une formation r\u00e9guli\u00e8re et des \u00e9quipements technologiquement avanc\u00e9s, Meli\u00e1 S\u00e3o Jo\u00e3o da Madeira cherche toujours \u00e0 satisfaire pleinement les besoins et les attentes de ses clients.<\/p>\t\t\t\t\t\t\t\t<\/div>\n\t\t\t\t<\/div>\n\t\t\t\t<\/section>\n\t\t\t\t<\/div>\n\t\t","protected":false},"excerpt":{"rendered":"<p>POLITIQUE ENVIRONNEMENTALE Meli\u00e1 S\u00e3o Jo\u00e3o da Madeira est pleinement conscient de l&#8217;importance d&#8217;une gestion responsable et durable dans le d\u00e9veloppement de son activit\u00e9 h\u00f4teli\u00e8re. Inspir\u00e9s par ce concept, nous avons pris un engagement que nous avons consolid\u00e9 avec des lignes directrices fondamentales pour le succ\u00e8s. Gr\u00e2ce \u00e0 ces lignes directrices, nous voulons contribuer \u00e0 de [&hellip;]<\/p>\n","protected":false},"author":1,"featured_media":0,"parent":0,"menu_order":0,"comment_status":"closed","ping_status":"closed","template":"","meta":{"_acf_changed":false,"footnotes":""},"class_list":["post-22573","page","type-page","status-publish","hentry"],"acf":[],"yoast_head":"<!-- This site is optimized with the Yoast SEO plugin v24.5 - https:\/\/yoast.com\/wordpress\/plugins\/seo\/ -->\n<title>Politique Environnementale - Meli\u00e1 S\u00e3o Jo\u00e3o da Madeira<\/title>\n<meta name=\"description\" content=\"Descubra o Meli\u00e1 S\u00e3o Jo\u00e3o da Madeira, um hotel de 4 estrelas no hist\u00f3rico Palacete dos Condes Dias Garcia, com quartos modernos, spa, restaurante e espa\u00e7os para eventos.\" \/>\n<meta name=\"robots\" content=\"index, follow, max-snippet:-1, max-image-preview:large, max-video-preview:-1\" \/>\n<link rel=\"canonical\" href=\"https:\/\/www.meliasaojoao.com\/fr\/politique-environnementale\/\" \/>\n<meta property=\"og:locale\" content=\"fr_FR\" \/>\n<meta property=\"og:type\" content=\"article\" \/>\n<meta property=\"og:title\" content=\"Politique Environnementale - Meli\u00e1 S\u00e3o Jo\u00e3o da Madeira\" \/>\n<meta property=\"og:description\" content=\"Descubra o Meli\u00e1 S\u00e3o Jo\u00e3o da Madeira, um hotel de 4 estrelas no hist\u00f3rico Palacete dos Condes Dias Garcia, com quartos modernos, spa, restaurante e espa\u00e7os para eventos.\" \/>\n<meta property=\"og:url\" content=\"https:\/\/www.meliasaojoao.com\/fr\/politique-environnementale\/\" \/>\n<meta property=\"og:site_name\" content=\"Meli\u00e1 S\u00e3o Jo\u00e3o da Madeira\" \/>\n<meta property=\"article:publisher\" content=\"http:\/\/www.facebook.com\/meliasaojoaodamadeira\/\" \/>\n<meta property=\"article:modified_time\" content=\"2025-04-03T16:44:54+00:00\" \/>\n<meta property=\"og:image\" content=\"https:\/\/www.meliasaojoao.com\/wp-content\/uploads\/sites\/33\/2025\/04\/Melia_SaoJoaoDaMadeira_Ope.jpg\" \/>\n\t<meta property=\"og:image:width\" content=\"1200\" \/>\n\t<meta property=\"og:image:height\" content=\"630\" \/>\n\t<meta property=\"og:image:type\" content=\"image\/jpeg\" \/>\n<meta name=\"twitter:card\" content=\"summary_large_image\" \/>\n<meta name=\"twitter:label1\" content=\"Dur\u00e9e de lecture estim\u00e9e\" \/>\n\t<meta name=\"twitter:data1\" content=\"2 minutes\" \/>\n<script type=\"application\/ld+json\" class=\"yoast-schema-graph\">{\"@context\":\"https:\/\/schema.org\",\"@graph\":[{\"@type\":\"WebPage\",\"@id\":\"https:\/\/www.meliasaojoao.com\/fr\/politique-environnementale\/\",\"url\":\"https:\/\/www.meliasaojoao.com\/fr\/politique-environnementale\/\",\"name\":\"Politique Environnementale - Meli\u00e1 S\u00e3o Jo\u00e3o da Madeira\",\"isPartOf\":{\"@id\":\"https:\/\/www.meliasaojoao.com\/fr\/#website\"},\"datePublished\":\"2025-04-01T08:49:00+00:00\",\"dateModified\":\"2025-04-03T16:44:54+00:00\",\"description\":\"Descubra o Meli\u00e1 S\u00e3o Jo\u00e3o da Madeira, um hotel de 4 estrelas no hist\u00f3rico Palacete dos Condes Dias Garcia, com quartos modernos, spa, restaurante e espa\u00e7os para eventos.\",\"breadcrumb\":{\"@id\":\"https:\/\/www.meliasaojoao.com\/fr\/politique-environnementale\/#breadcrumb\"},\"inLanguage\":\"fr-FR\",\"potentialAction\":[{\"@type\":\"ReadAction\",\"target\":[\"https:\/\/www.meliasaojoao.com\/fr\/politique-environnementale\/\"]}]},{\"@type\":\"BreadcrumbList\",\"@id\":\"https:\/\/www.meliasaojoao.com\/fr\/politique-environnementale\/#breadcrumb\",\"itemListElement\":[{\"@type\":\"ListItem\",\"position\":1,\"name\":\"In\u00edcio\",\"item\":\"https:\/\/www.meliasaojoao.com\/fr\/\"},{\"@type\":\"ListItem\",\"position\":2,\"name\":\"Politique Environnementale\"}]},{\"@type\":\"WebSite\",\"@id\":\"https:\/\/www.meliasaojoao.com\/fr\/#website\",\"url\":\"https:\/\/www.meliasaojoao.com\/fr\/\",\"name\":\"Meli\u00e1 S\u00e3o Jo\u00e3o da Madeira\",\"description\":\"Hotel de 4 Estrelas | S\u00e3o Jo\u00e3o da Madeira\",\"publisher\":{\"@id\":\"https:\/\/www.meliasaojoao.com\/fr\/#organization\"},\"alternateName\":\"Meli\u00e1 S\u00e3o Jo\u00e3o da Madeira\",\"potentialAction\":[{\"@type\":\"SearchAction\",\"target\":{\"@type\":\"EntryPoint\",\"urlTemplate\":\"https:\/\/www.meliasaojoao.com\/fr\/?s={search_term_string}\"},\"query-input\":{\"@type\":\"PropertyValueSpecification\",\"valueRequired\":true,\"valueName\":\"search_term_string\"}}],\"inLanguage\":\"fr-FR\"},{\"@type\":\"Organization\",\"@id\":\"https:\/\/www.meliasaojoao.com\/fr\/#organization\",\"name\":\"Meli\u00e1 S\u00e3o Jo\u00e3o da Madeira\",\"alternateName\":\"Meli\u00e1 S\u00e3o Jo\u00e3o da Madeira\",\"url\":\"https:\/\/www.meliasaojoao.com\/fr\/\",\"logo\":{\"@type\":\"ImageObject\",\"inLanguage\":\"fr-FR\",\"@id\":\"https:\/\/www.meliasaojoao.com\/fr\/#\/schema\/logo\/image\/\",\"url\":\"https:\/\/www.meliasaojoao.com\/wp-content\/uploads\/sites\/33\/2023\/11\/Original_MSJM.png\",\"contentUrl\":\"https:\/\/www.meliasaojoao.com\/wp-content\/uploads\/sites\/33\/2023\/11\/Original_MSJM.png\",\"width\":2560,\"height\":1532,\"caption\":\"Meli\u00e1 S\u00e3o Jo\u00e3o da Madeira\"},\"image\":{\"@id\":\"https:\/\/www.meliasaojoao.com\/fr\/#\/schema\/logo\/image\/\"},\"sameAs\":[\"http:\/\/www.facebook.com\/meliasaojoaodamadeira\/\",\"https:\/\/www.linkedin.com\/company\/hoti-hoteis\/\",\"http:\/\/www.instagram.com\/meliasaojoaodamadeira\/\",\"https:\/\/www.youtube.com\/channel\/UCP0ugsnZVvziVrrstHe2gqg\"]}]}<\/script>\n<!-- \/ Yoast SEO plugin. -->","yoast_head_json":{"title":"Politique Environnementale - Meli\u00e1 S\u00e3o Jo\u00e3o da Madeira","description":"Descubra o Meli\u00e1 S\u00e3o Jo\u00e3o da Madeira, um hotel de 4 estrelas no hist\u00f3rico Palacete dos Condes Dias Garcia, com quartos modernos, spa, restaurante e espa\u00e7os para eventos.","robots":{"index":"index","follow":"follow","max-snippet":"max-snippet:-1","max-image-preview":"max-image-preview:large","max-video-preview":"max-video-preview:-1"},"canonical":"https:\/\/www.meliasaojoao.com\/fr\/politique-environnementale\/","og_locale":"fr_FR","og_type":"article","og_title":"Politique Environnementale - Meli\u00e1 S\u00e3o Jo\u00e3o da Madeira","og_description":"Descubra o Meli\u00e1 S\u00e3o Jo\u00e3o da Madeira, um hotel de 4 estrelas no hist\u00f3rico Palacete dos Condes Dias Garcia, com quartos modernos, spa, restaurante e espa\u00e7os para eventos.","og_url":"https:\/\/www.meliasaojoao.com\/fr\/politique-environnementale\/","og_site_name":"Meli\u00e1 S\u00e3o Jo\u00e3o da Madeira","article_publisher":"http:\/\/www.facebook.com\/meliasaojoaodamadeira\/","article_modified_time":"2025-04-03T16:44:54+00:00","og_image":[{"width":1200,"height":630,"url":"https:\/\/www.meliasaojoao.com\/wp-content\/uploads\/sites\/33\/2025\/04\/Melia_SaoJoaoDaMadeira_Ope.jpg","type":"image\/jpeg"}],"twitter_card":"summary_large_image","twitter_misc":{"Dur\u00e9e de lecture estim\u00e9e":"2 minutes"},"schema":{"@context":"https:\/\/schema.org","@graph":[{"@type":"WebPage","@id":"https:\/\/www.meliasaojoao.com\/fr\/politique-environnementale\/","url":"https:\/\/www.meliasaojoao.com\/fr\/politique-environnementale\/","name":"Politique Environnementale - Meli\u00e1 S\u00e3o Jo\u00e3o da Madeira","isPartOf":{"@id":"https:\/\/www.meliasaojoao.com\/fr\/#website"},"datePublished":"2025-04-01T08:49:00+00:00","dateModified":"2025-04-03T16:44:54+00:00","description":"Descubra o Meli\u00e1 S\u00e3o Jo\u00e3o da Madeira, um hotel de 4 estrelas no hist\u00f3rico Palacete dos Condes Dias Garcia, com quartos modernos, spa, restaurante e espa\u00e7os para eventos.","breadcrumb":{"@id":"https:\/\/www.meliasaojoao.com\/fr\/politique-environnementale\/#breadcrumb"},"inLanguage":"fr-FR","potentialAction":[{"@type":"ReadAction","target":["https:\/\/www.meliasaojoao.com\/fr\/politique-environnementale\/"]}]},{"@type":"BreadcrumbList","@id":"https:\/\/www.meliasaojoao.com\/fr\/politique-environnementale\/#breadcrumb","itemListElement":[{"@type":"ListItem","position":1,"name":"In\u00edcio","item":"https:\/\/www.meliasaojoao.com\/fr\/"},{"@type":"ListItem","position":2,"name":"Politique Environnementale"}]},{"@type":"WebSite","@id":"https:\/\/www.meliasaojoao.com\/fr\/#website","url":"https:\/\/www.meliasaojoao.com\/fr\/","name":"Meli\u00e1 S\u00e3o Jo\u00e3o da Madeira","description":"Hotel de 4 Estrelas | S\u00e3o Jo\u00e3o da Madeira","publisher":{"@id":"https:\/\/www.meliasaojoao.com\/fr\/#organization"},"alternateName":"Meli\u00e1 S\u00e3o Jo\u00e3o da Madeira","potentialAction":[{"@type":"SearchAction","target":{"@type":"EntryPoint","urlTemplate":"https:\/\/www.meliasaojoao.com\/fr\/?s={search_term_string}"},"query-input":{"@type":"PropertyValueSpecification","valueRequired":true,"valueName":"search_term_string"}}],"inLanguage":"fr-FR"},{"@type":"Organization","@id":"https:\/\/www.meliasaojoao.com\/fr\/#organization","name":"Meli\u00e1 S\u00e3o Jo\u00e3o da Madeira","alternateName":"Meli\u00e1 S\u00e3o Jo\u00e3o da Madeira","url":"https:\/\/www.meliasaojoao.com\/fr\/","logo":{"@type":"ImageObject","inLanguage":"fr-FR","@id":"https:\/\/www.meliasaojoao.com\/fr\/#\/schema\/logo\/image\/","url":"https:\/\/www.meliasaojoao.com\/wp-content\/uploads\/sites\/33\/2023\/11\/Original_MSJM.png","contentUrl":"https:\/\/www.meliasaojoao.com\/wp-content\/uploads\/sites\/33\/2023\/11\/Original_MSJM.png","width":2560,"height":1532,"caption":"Meli\u00e1 S\u00e3o Jo\u00e3o da Madeira"},"image":{"@id":"https:\/\/www.meliasaojoao.com\/fr\/#\/schema\/logo\/image\/"},"sameAs":["http:\/\/www.facebook.com\/meliasaojoaodamadeira\/","https:\/\/www.linkedin.com\/company\/hoti-hoteis\/","http:\/\/www.instagram.com\/meliasaojoaodamadeira\/","https:\/\/www.youtube.com\/channel\/UCP0ugsnZVvziVrrstHe2gqg"]}]}},"_links":{"self":[{"href":"https:\/\/www.meliasaojoao.com\/fr\/wp-json\/wp\/v2\/pages\/22573","targetHints":{"allow":["GET"]}}],"collection":[{"href":"https:\/\/www.meliasaojoao.com\/fr\/wp-json\/wp\/v2\/pages"}],"about":[{"href":"https:\/\/www.meliasaojoao.com\/fr\/wp-json\/wp\/v2\/types\/page"}],"author":[{"embeddable":true,"href":"https:\/\/www.meliasaojoao.com\/fr\/wp-json\/wp\/v2\/users\/1"}],"replies":[{"embeddable":true,"href":"https:\/\/www.meliasaojoao.com\/fr\/wp-json\/wp\/v2\/comments?post=22573"}],"version-history":[{"count":4,"href":"https:\/\/www.meliasaojoao.com\/fr\/wp-json\/wp\/v2\/pages\/22573\/revisions"}],"predecessor-version":[{"id":22879,"href":"https:\/\/www.meliasaojoao.com\/fr\/wp-json\/wp\/v2\/pages\/22573\/revisions\/22879"}],"wp:attachment":[{"href":"https:\/\/www.meliasaojoao.com\/fr\/wp-json\/wp\/v2\/media?parent=22573"}],"curies":[{"name":"wp","href":"https:\/\/api.w.org\/{rel}","templated":true}]}}